{"id":34,"date":"2020-03-18T11:09:02","date_gmt":"2020-03-18T15:09:02","guid":{"rendered":"https:\/\/parevolvo.com\/?page_id=34"},"modified":"2022-02-09T15:11:26","modified_gmt":"2022-02-09T20:11:26","slug":"volvo-serie-vah","status":"publish","type":"page","link":"https:\/\/parevolvo.com\/english\/volvo-serie-vah\/","title":{"rendered":"Volvo S\u00e9rie VAH"},"content":{"rendered":"<!--themify_builder_content-->\n<div id=\"themify_builder_content-34\" data-postid=\"34\" class=\"themify_builder_content themify_builder_content-34 themify_builder tf_clear\">\n                    <div  data-parallax-bg=\"desktop\" data-css_id=\"8d2o297\" data-lazy=\"1\" class=\"module_row themify_builder_row fullwidth tb_8d2o297 tb_first tf_w\">\n                        <div class=\"row_inner col_align_top tb_col_count_1 tf_box tf_rel\">\n                        <div  data-lazy=\"1\" class=\"module_column tb-column col-full tb_r87u297 first\">\n                    <!-- module text -->\n<div  class=\"module module-text tb_9aas298\" data-lazy=\"1\">\n        <div  class=\"tb_text_wrap\">\n        <h1 style=\"text-align: center;\">Maximise le fret et l\u2019efficacit\u00e9<\/h1>\n<h1 style=\"text-align: center;\">S\u00e9rie VAH<\/h1>    <\/div>\n<\/div>\n<!-- \/module text -->        <\/div>\n                        <\/div>\n        <\/div>\n                        <div  data-lazy=\"1\" class=\"module_row themify_builder_row tb_qhht568 tf_w\">\n                        <div class=\"row_inner col_align_top tb_col_count_1 tf_box tf_rel\">\n                        <div  data-lazy=\"1\" class=\"module_column tb-column col-full tb_4knl568 first\">\n                    <!-- module text -->\n<div  class=\"module module-text tb_cuek568\" data-lazy=\"1\">\n        <div  class=\"tb_text_wrap\">\n        <h4><strong>Le camion Volvo pour maximiser le fret et l&rsquo;efficacit\u00e9<br \/><\/strong><\/h4>\n<p>Le Volvo VAH, pour une conduite douce et confortable et une suppression du bruit sup\u00e9rieur ne sont que quelques-unes des fonctionnalit\u00e9s haut de gamme du VAH. Con\u00e7ues pour am\u00e9liorer la productivit\u00e9 du conducteur.<\/p>    <\/div>\n<\/div>\n<!-- \/module text -->        <\/div>\n                        <\/div>\n        <\/div>\n                        <div  data-lazy=\"1\" class=\"module_row themify_builder_row tb_3lep482 tf_w\">\n                        <div class=\"row_inner col_align_top tb_col_count_1 tf_box tf_rel\">\n                        <div  data-lazy=\"1\" class=\"module_column tb-column col-full tb_xzvq482 first\">\n                    <!-- module text -->\n<div  class=\"module module-text tb_dv0m482\" data-lazy=\"1\">\n        <div  class=\"tb_text_wrap\">\n        <h5><strong>Explorez la s\u00e9rie VAH<\/strong><\/h5>\n<p>La s\u00e9rie VAH utilise une configuration unique qui r\u00e9duit la hauteur hors tout pour offrir une flexibilit\u00e9 de chargement ultime. Les essieux avant \u00e0 forte inclinaison, les suspensions arri\u00e8re Volvo Air Ride de faible hauteur et les options de cabine \u00e0 hauteur r\u00e9duite contribuent tous \u00e0 r\u00e9duire la hauteur hors tout et offrent la souplesse n\u00e9cessaire pour positionner une voiture, un pick-up ou une mini-fourgonnette au-dessus de la cabine. Deux hauteurs de toit abaiss\u00e9es sont disponibles, partielle (102,5 pouces) et compl\u00e8te (97,5 pouces), par l&rsquo;interm\u00e9diaire de Fontaine Modification Company.<\/p>    <\/div>\n<\/div>\n<!-- \/module text -->        <\/div>\n                        <\/div>\n        <\/div>\n                        <div  data-lazy=\"1\" class=\"module_row themify_builder_row tb_8xuz532 tf_w\">\n                        <div class=\"row_inner col_align_top tb_col_count_3 tf_box tf_rel\">\n                        <div  data-lazy=\"1\" class=\"module_column tb-column col3-1 tb_hbi1532 first\">\n                    <!-- module image -->\n<div  class=\"module module-image tb_ocuk532 image-top   auto_fullwidth tf_mw\" data-lazy=\"1\">\n        <div class=\"image-wrap tf_rel tf_mw\">\n            <a href=\"https:\/\/www.volvotrucks.ca\/fr-ca\/trucks\/vnr\/\" class=\"lightbox-builder themify_lightbox\" data-zoom-config=\"80%|px\">\n                   <img loading=\"lazy\" decoding=\"async\" src=\"http:\/\/parevolvo.com\/wp-content\/uploads\/2020\/04\/VAH-300.jpg\" width=\"1016\" height=\"470\" title=\"Volvo S\u00e9rie VAH\" alt=\"Volvo S\u00e9rie VAH\">        <\/a>\n    \n        <\/div>\n    <!-- \/image-wrap -->\n    \n        <\/div>\n<!-- \/module image --><!-- module text -->\n<div  class=\"module module-text tb_lxvz533\" data-lazy=\"1\">\n        <div  class=\"tb_text_wrap\">\n        <h5 style=\"text-align: center;\">VAH 300<\/h5>\n<p>Le VNX 300 daycab est la solution pour les itin\u00e9raires de transport automatique qui sont courts sur des kilom\u00e8tres mais longs sur le volume. La configuration courte du daycab \u00abBBC\u00bb plaira \u00e0 vos conducteurs gr\u00e2ce \u00e0 un rayon de braquage plus \u00e9troit. De plus, vos r\u00e9sultats financiers resterons sains en transportant jusqu\u2019\u00e0 11 v\u00e9hicules par chargement.<\/p>    <\/div>\n<\/div>\n<!-- \/module text --><!-- module buttons -->\n<div  class=\"module module-buttons tb_n0py533 buttons-horizontal solid  circle\" data-lazy=\"1\">\n        <div class=\"module-buttons-item tf_in_flx\">\n                        <a href=\"https:\/\/www.volvotrucks.ca\/fr-ca\/trucks\/vah\/\" class=\"ui builder_button tf_in_flx gray\" target=\"_blank\" rel=\"nofollow noopener\">\n                                                En savoir plus                                        <\/a>\n                <\/div>\n            <\/div>\n<!-- \/module buttons -->\n        <\/div>\n                    <div  data-lazy=\"1\" class=\"module_column tb-column col3-1 tb_cqz6533\">\n                    <!-- module image -->\n<div  class=\"module module-image tb_knhy533 image-top   auto_fullwidth tf_mw\" data-lazy=\"1\">\n        <div class=\"image-wrap tf_rel tf_mw\">\n            <img loading=\"lazy\" decoding=\"async\" src=\"http:\/\/parevolvo.com\/wp-content\/uploads\/2020\/04\/VAH-400.jpg\" width=\"1016\" height=\"470\" title=\"Volvo S\u00e9rie VAH\" alt=\"Volvo S\u00e9rie VAH\">    \n        <\/div>\n    <!-- \/image-wrap -->\n    \n        <\/div>\n<!-- \/module image --><!-- module text -->\n<div  class=\"module module-text tb_nfud534\" data-lazy=\"1\">\n        <div  class=\"tb_text_wrap\">\n        <h5 style=\"text-align: center;\">VAH 400<\/h5>\n<p>Le toit plat VAH 400 couchette maintient la maniabilit\u00e9, mais ajoute une couvhette de 42 pouces pour un repos confortable quand vous \u00eates sur la route la nuit. Si votre entreprise de transport automatique s\u2019\u00e9tend des itin\u00e9raires de livraison locaux \u00e0 plusieurs arr\u00eats \u00e0 des chargements complets transport\u00e9s dans toute la r\u00e9gion, le VAH400 est la solution id\u00e9ale.<\/p>    <\/div>\n<\/div>\n<!-- \/module text --><!-- module buttons -->\n<div  class=\"module module-buttons tb_ml0n534 buttons-horizontal solid  circle\" data-lazy=\"1\">\n        <div class=\"module-buttons-item tf_in_flx\">\n                        <a href=\"https:\/\/www.volvotrucks.ca\/fr-ca\/trucks\/vah\/\" class=\"ui builder_button tf_in_flx gray\" target=\"_blank\" rel=\"nofollow noopener\">\n                                                En savoir plus                                        <\/a>\n                <\/div>\n            <\/div>\n<!-- \/module buttons -->\n        <\/div>\n                    <div  data-lazy=\"1\" class=\"module_column tb-column col3-1 tb_cmuf534 last\">\n                    <!-- module image -->\n<div  class=\"module module-image tb_3eo3535 image-top   auto_fullwidth tf_mw\" data-lazy=\"1\">\n        <div class=\"image-wrap tf_rel tf_mw\">\n            <img loading=\"lazy\" decoding=\"async\" src=\"http:\/\/parevolvo.com\/wp-content\/uploads\/2020\/04\/VAH-600.jpg\" width=\"1016\" height=\"470\" title=\"Volvo S\u00e9rie VAH\" alt=\"Volvo S\u00e9rie VAH\">    \n        <\/div>\n    <!-- \/image-wrap -->\n    \n        <\/div>\n<!-- \/module image --><!-- module text -->\n<div  class=\"module module-text tb_gwqr535\" data-lazy=\"1\">\n        <div  class=\"tb_text_wrap\">\n        <h6 style=\"text-align: center;\">VAH 600<\/h6>\n<p>La cabine \u00e0 toit plat VAH rend la vie plus confortable, plus productive et plus s\u00fbre avec couchette de 61 pouces offrant beaucoup d\u2019espace pour le repos, les repas et la paperasserie. Lorsque de longues distances et des d\u00e9lais courts n\u00e9cessitent de passer plusieurs nuits sur la route, le VAH 600 r\u00e9pond \u00e0 l\u2019appel d\u2019une cabine couchette de qualit\u00e9 sup\u00e9rieur.<\/p>    <\/div>\n<\/div>\n<!-- \/module text --><!-- module buttons -->\n<div  class=\"module module-buttons tb_hter535 buttons-horizontal solid  circle\" data-lazy=\"1\">\n        <div class=\"module-buttons-item tf_in_flx\">\n                        <a href=\"https:\/\/www.volvotrucks.ca\/fr-ca\/trucks\/vah\/\" class=\"ui builder_button tf_in_flx gray\" target=\"_blank\" rel=\"nofollow noopener\">\n                                                En savoir plus                                        <\/a>\n                <\/div>\n            <\/div>\n<!-- \/module buttons -->\n        <\/div>\n                        <\/div>\n        <\/div>\n                        <div  data-lazy=\"1\" class=\"module_row themify_builder_row tb_ye83824 tf_w\">\n                        <div class=\"row_inner col_align_top tb_col_count_2 tf_box tf_rel\">\n                        <div  data-lazy=\"1\" class=\"module_column tb-column col4-2 tb_dk83824 first\">\n                    <!-- module text -->\n<div  class=\"module module-text tb_qksi825\" data-lazy=\"1\">\n        <div  class=\"tb_text_wrap\">\n        <h3>De vrai repr\u00e9sentant d\u2019exp\u00e9rience<\/h3>\n<p>\u00a0<\/p>\n<p>Nos repr\u00e9sentants des ventes vous accueillent dans le confort de nos bureaux ou se d\u00e9placent afin de vous rencontrer \u00e0 votre bureau. Leurs grandes exp\u00e9riences du domaine du camionnage et du transport leurs permettent de bien comprendre vos exigences. Ils prennent le temps de bien analyser vos besoins et vous proposent le camion tracteur qui vous convient vraiment, et ce, sans compromis sur le confort, l\u2019ergonomie, la polyvalence et la puissance dont vous avez besoin.<\/p>    <\/div>\n<\/div>\n<!-- \/module text -->        <\/div>\n                    <div  data-lazy=\"1\" class=\"module_column tb-column col4-2 tb_telc825 last\">\n                    <!-- module text -->\n<div  class=\"module module-text tb_4jwt825\" data-lazy=\"1\">\n        <div  class=\"tb_text_wrap\">\n        \n<div id=\"tf-tiles-251\" class=\"tf-tiles fluid-tiles\" data-post_id=\"251\">\n\n\t<div class=\"tf-tiles-wrap\" data-base_size=\"16\" data-tiles_per_row=\"6\">\n\t\t\t\t\t<div id=\"tf-tile-251-0\" class=\"tf-tile size-square-large fadeIn has-flip tile-type-front-text\" data-auto-flip=\"0\" data-in-effect=\"fadeIn\" data-out-effect=\"fadeOut\">\n\n\t<div class=\"tile-flip-box-wrap\"><div class=\"tile-flip-box\">\n\n\t\n\t\t\n\t\t<style>\n\t\t#tf-tile-251-0 .tile-front {\n\t\t\tbackground-image: url(\"https:\/\/parevolvo.com\/wp-content\/uploads\/2026\/01\/Charles-Turgeon-819x1024-819x1000.jpg\"); \t\t}\n\t\t#tf-tile-251-0 .tile-front a {\n\t\t\t\t\t}\n\t\t<\/style>\n\n\t\t<div class=\"tile-front tile-type-text ui default\">\n\t\t\t<div class=\"tile-inner\">\n\n\t\t\t\t\n\t\t\t\t\t\t\t\t\t\t<div class=\"tile-content\">\n\t\t\t\t\t\t\t\t\t\t\t<\/div><!-- .tile-content -->\n\n\t\t\t\t\n\t\t\t\t\n\t\t\t\t\n\t\t\t<\/div><!-- .tile-inner -->\n\n\t\t<\/div><!-- .tile-front -->\n\n\t\n\t\t\n\t\t<style>\n\t\t#tf-tile-251-0 .tile-back {\n\t\t\tbackground-color: rgba(34,34,34, 1); color: rgba(255,255,255, 1); \t\t}\n\t\t#tf-tile-251-0 .tile-back a {\n\t\t\tcolor: rgba(255,255,255, 1); \t\t}\n\t\t<\/style>\n\n\t\t<div class=\"tile-back tile-type-text ui default\">\n\t\t\t<div class=\"tile-inner\">\n\n\t\t\t\t\n\t\t\t\t\t\t\t\t\t\t<div class=\"tile-content\">\n\t\t\t\t\t\t<h6>Charles Turgeon<\/h6><p>Directeur des ventes Volvo<\/p><p>T\u00e9l. : 418 833-5333 poste 3229<br \/>Cell : 418 906-6022<\/p><p>Courriel : <a href=\"mailto:charles.turgeon@parevolvo.com\">charles.turgeon@parevolvo.com<\/a><\/p>\t\t\t\t\t<\/div><!-- .tile-content -->\n\n\t\t\t\t\n\t\t\t\t\n\t\t\t\t\n\t\t\t<\/div><!-- .tile-inner -->\n\n\t\t<\/div><!-- .tile-back -->\n\n\t\n\t<\/div><!-- .tile-flip-box --><\/div><!-- .tile-flip-box-wrap -->\n\n\t<div class=\"tf-tile-data\">\n\t\t<script type=\"text\/json\">{\"size\":\"square-large\",\"type_front\":\"text\",\"color_front\":\"default\",\"button_link_params_front\":\"|\",\"icon_type_front\":\"image\",\"gallery_autoplay_front\":\"off\",\"gallery_hide_timer_front\":\"no\",\"type_map_front\":\"ROADMAP\",\"zoom_map_front\":\"7\",\"scrollwheel_map_front\":\"enable\",\"draggable_map_front\":\"enable\",\"action_param_front\":\"|\",\"background_image_front\":\"https:\\\/\\\/parevolvo.com\\\/wp-content\\\/uploads\\\/2026\\\/01\\\/Charles-Turgeon.jpg\",\"background_image_front_width\":\"1000\",\"background_image_front_height\":\"1000\",\"type_back\":\"text\",\"color_back\":\"default\",\"text_back\":\"<h6>Charles Turgeon<\\\/h6><p>Directeur des ventes Volvo<\\\/p><p>T\\u00e9l. : 418 833-5333 poste 3229<br \\\/>Cell : 418 906-6022<\\\/p><p>Courriel : <a href=\\\"mailto:charles.turgeon@parevolvo.com\\\">charles.turgeon@parevolvo.com<\\\/a><\\\/p>\",\"button_link_params_back\":\"|\",\"icon_type_back\":\"icon\",\"gallery_autoplay_back\":\"off\",\"gallery_hide_timer_back\":\"no\",\"type_map_back\":\"ROADMAP\",\"zoom_map_back\":\"7\",\"scrollwheel_map_back\":\"enable\",\"draggable_map_back\":\"enable\",\"action_param_back\":\"|\",\"tile_autoflip\":\"0\",\"flip_effect\":\"fadeIn\",\"background_color_back\":\"#222222\",\"text_color_back\":\"#ffffff\",\"link_color_back\":\"#ffffff\"}<\/script>\n\t<\/div>\n\n<\/div><!-- .tf-tile -->\t\t\t\t\t<div id=\"tf-tile-251-1\" class=\"tf-tile size-square-large fadeIn has-flip tile-type-front-text\" data-auto-flip=\"0\" data-in-effect=\"fadeIn\" data-out-effect=\"fadeOut\">\n\n\t<div class=\"tile-flip-box-wrap\"><div class=\"tile-flip-box\">\n\n\t\n\t\t\n\t\t<style>\n\t\t#tf-tile-251-1 .tile-front {\n\t\t\tbackground-image: url(\"https:\/\/parevolvo.com\/wp-content\/uploads\/2026\/01\/Saule-Duchesneau-819x1024-819x1000.jpg\"); \t\t}\n\t\t#tf-tile-251-1 .tile-front a {\n\t\t\t\t\t}\n\t\t<\/style>\n\n\t\t<div class=\"tile-front tile-type-text ui default\">\n\t\t\t<div class=\"tile-inner\">\n\n\t\t\t\t\n\t\t\t\t\t\t\t\t\t\t<div class=\"tile-content\">\n\t\t\t\t\t\t\t\t\t\t\t<\/div><!-- .tile-content -->\n\n\t\t\t\t\n\t\t\t\t\n\t\t\t\t\n\t\t\t<\/div><!-- .tile-inner -->\n\n\t\t<\/div><!-- .tile-front -->\n\n\t\n\t\t\n\t\t<style>\n\t\t#tf-tile-251-1 .tile-back {\n\t\t\tbackground-color: rgba(34,34,34, 1); color: rgba(255,255,255, 1); \t\t}\n\t\t#tf-tile-251-1 .tile-back a {\n\t\t\tcolor: rgba(255,255,255, 1); \t\t}\n\t\t<\/style>\n\n\t\t<div class=\"tile-back tile-type-text ui default\">\n\t\t\t<div class=\"tile-inner\">\n\n\t\t\t\t\n\t\t\t\t\t\t\t\t\t\t<div class=\"tile-content\">\n\t\t\t\t\t\t<h6>Saule Duchesneau<\/h6><p>Repr\u00e9sentant des ventes Volvo &#8211; Rive-Sud<\/p><p>T\u00e9l. : 418 833-5333 poste 3241<br \/>Cell : 581 398-8026<\/p><p>Courriel : <a href=\"mailto:saule.duchesneau@parevolvo.com\">saule.duchesneau@parevolvo.com<\/a><\/p>\t\t\t\t\t<\/div><!-- .tile-content -->\n\n\t\t\t\t\n\t\t\t\t\n\t\t\t\t\n\t\t\t<\/div><!-- .tile-inner -->\n\n\t\t<\/div><!-- .tile-back -->\n\n\t\n\t<\/div><!-- .tile-flip-box --><\/div><!-- .tile-flip-box-wrap -->\n\n\t<div class=\"tf-tile-data\">\n\t\t<script type=\"text\/json\">{\"size\":\"square-large\",\"type_front\":\"text\",\"color_front\":\"default\",\"button_link_params_front\":\"|\",\"icon_type_front\":\"image\",\"gallery_autoplay_front\":\"off\",\"gallery_hide_timer_front\":\"no\",\"type_map_front\":\"ROADMAP\",\"zoom_map_front\":\"7\",\"scrollwheel_map_front\":\"enable\",\"draggable_map_front\":\"enable\",\"action_param_front\":\"|\",\"background_image_front\":\"https:\\\/\\\/parevolvo.com\\\/wp-content\\\/uploads\\\/2026\\\/01\\\/Saule-Duchesneau.jpg\",\"background_image_front_width\":\"1000\",\"background_image_front_height\":\"1000\",\"type_back\":\"text\",\"color_back\":\"default\",\"text_back\":\"<h6>Saule Duchesneau<\\\/h6><p>Repr\\u00e9sentant des ventes Volvo - Rive-Sud<\\\/p><p>T\\u00e9l. : 418 833-5333 poste 3241<br \\\/>Cell : 581 398-8026<\\\/p><p>Courriel : <a href=\\\"mailto:saule.duchesneau@parevolvo.com\\\">saule.duchesneau@parevolvo.com<\\\/a><\\\/p>\",\"button_link_params_back\":\"|\",\"icon_type_back\":\"icon\",\"gallery_autoplay_back\":\"off\",\"gallery_hide_timer_back\":\"no\",\"type_map_back\":\"ROADMAP\",\"zoom_map_back\":\"7\",\"scrollwheel_map_back\":\"enable\",\"draggable_map_back\":\"enable\",\"action_param_back\":\"|\",\"tile_autoflip\":\"0\",\"flip_effect\":\"fadeIn\",\"background_color_back\":\"#222222\",\"text_color_back\":\"#ffffff\",\"link_color_back\":\"#ffffff\"}<\/script>\n\t<\/div>\n\n<\/div><!-- .tf-tile -->\t\t\t\t\t<div id=\"tf-tile-251-2\" class=\"tf-tile size-square-large fadeIn has-flip tile-type-front-text\" data-auto-flip=\"0\" data-in-effect=\"fadeIn\" data-out-effect=\"fadeOut\">\n\n\t<div class=\"tile-flip-box-wrap\"><div class=\"tile-flip-box\">\n\n\t\n\t\t\n\t\t<style>\n\t\t#tf-tile-251-2 .tile-front {\n\t\t\tbackground-image: url(\"https:\/\/parevolvo.com\/wp-content\/uploads\/2026\/01\/Francis-Pelletier-819x1024-819x1000.jpg\"); \t\t}\n\t\t#tf-tile-251-2 .tile-front a {\n\t\t\t\t\t}\n\t\t<\/style>\n\n\t\t<div class=\"tile-front tile-type-text ui default\">\n\t\t\t<div class=\"tile-inner\">\n\n\t\t\t\t\n\t\t\t\t\t\t\t\t\t\t<div class=\"tile-content\">\n\t\t\t\t\t\t\t\t\t\t\t<\/div><!-- .tile-content -->\n\n\t\t\t\t\n\t\t\t\t\n\t\t\t\t\n\t\t\t<\/div><!-- .tile-inner -->\n\n\t\t<\/div><!-- .tile-front -->\n\n\t\n\t\t\n\t\t<style>\n\t\t#tf-tile-251-2 .tile-back {\n\t\t\tbackground-color: rgba(34,34,34, 1); color: rgba(255,255,255, 1); \t\t}\n\t\t#tf-tile-251-2 .tile-back a {\n\t\t\tcolor: rgba(255,255,255, 1); \t\t}\n\t\t<\/style>\n\n\t\t<div class=\"tile-back tile-type-text ui default\">\n\t\t\t<div class=\"tile-inner\">\n\n\t\t\t\t\n\t\t\t\t\t\t\t\t\t\t<div class=\"tile-content\">\n\t\t\t\t\t\t<h6>Francis Pelletier<\/h6><p>Repr\u00e9sentante des ventes &#8211; Rive-Sud<\/p><p>T\u00e9l. : 418 833-1601 poste 1227<br \/>Cell : 418 564-2495<\/p><p>Courriel : <a href=\"mailto:francis.pelletier@parevolvo.com\">francis.pelletier@parevolvo.com<\/a><\/p>\t\t\t\t\t<\/div><!-- .tile-content -->\n\n\t\t\t\t\n\t\t\t\t\n\t\t\t\t\n\t\t\t<\/div><!-- .tile-inner -->\n\n\t\t<\/div><!-- .tile-back -->\n\n\t\n\t<\/div><!-- .tile-flip-box --><\/div><!-- .tile-flip-box-wrap -->\n\n\t<div class=\"tf-tile-data\">\n\t\t<script type=\"text\/json\">{\"size\":\"square-large\",\"type_front\":\"text\",\"color_front\":\"default\",\"button_link_params_front\":\"|\",\"icon_type_front\":\"image\",\"gallery_autoplay_front\":\"off\",\"gallery_hide_timer_front\":\"no\",\"type_map_front\":\"ROADMAP\",\"zoom_map_front\":\"7\",\"scrollwheel_map_front\":\"enable\",\"draggable_map_front\":\"enable\",\"action_param_front\":\"|\",\"background_image_front\":\"https:\\\/\\\/parevolvo.com\\\/wp-content\\\/uploads\\\/2026\\\/01\\\/Francis-Pelletier.jpg\",\"background_image_front_width\":\"1000\",\"background_image_front_height\":\"1000\",\"type_back\":\"text\",\"color_back\":\"default\",\"text_back\":\"<h6>Francis Pelletier<\\\/h6><p>Repr\\u00e9sentante des ventes - Rive-Sud<\\\/p><p>T\\u00e9l. : 418 833-1601 poste 1227<br \\\/>Cell : 418 564-2495<\\\/p><p>Courriel : <a href=\\\"mailto:francis.pelletier@parevolvo.com\\\">francis.pelletier@parevolvo.com<\\\/a><\\\/p>\",\"button_link_params_back\":\"|\",\"icon_type_back\":\"icon\",\"gallery_autoplay_back\":\"off\",\"gallery_hide_timer_back\":\"no\",\"type_map_back\":\"ROADMAP\",\"zoom_map_back\":\"7\",\"scrollwheel_map_back\":\"enable\",\"draggable_map_back\":\"enable\",\"action_param_back\":\"|\",\"tile_autoflip\":\"0\",\"flip_effect\":\"fadeIn\",\"background_color_back\":\"#222222\",\"text_color_back\":\"#ffffff\",\"link_color_back\":\"#ffffff\"}<\/script>\n\t<\/div>\n\n<\/div><!-- .tf-tile -->\t\t\t\t\t<div id=\"tf-tile-251-3\" class=\"tf-tile size-square-large fadeIn has-flip tile-type-front-text\" data-auto-flip=\"0\" data-in-effect=\"fadeIn\" data-out-effect=\"fadeOut\">\n\n\t<div class=\"tile-flip-box-wrap\"><div class=\"tile-flip-box\">\n\n\t\n\t\t\n\t\t<style>\n\t\t#tf-tile-251-3 .tile-front {\n\t\t\tbackground-image: url(\"https:\/\/parevolvo.com\/wp-content\/uploads\/2026\/01\/Antoine-Raby-819x1024-819x1000.jpg\"); \t\t}\n\t\t#tf-tile-251-3 .tile-front a {\n\t\t\t\t\t}\n\t\t<\/style>\n\n\t\t<div class=\"tile-front tile-type-text ui default\">\n\t\t\t<div class=\"tile-inner\">\n\n\t\t\t\t\n\t\t\t\t\t\t\t\t\t\t<div class=\"tile-content\">\n\t\t\t\t\t\t\t\t\t\t\t<\/div><!-- .tile-content -->\n\n\t\t\t\t\n\t\t\t\t\n\t\t\t\t\n\t\t\t<\/div><!-- .tile-inner -->\n\n\t\t<\/div><!-- .tile-front -->\n\n\t\n\t\t\n\t\t<style>\n\t\t#tf-tile-251-3 .tile-back {\n\t\t\tbackground-color: rgba(34,34,34, 1); color: rgba(255,255,255, 1); \t\t}\n\t\t#tf-tile-251-3 .tile-back a {\n\t\t\tcolor: rgba(255,255,255, 1); \t\t}\n\t\t<\/style>\n\n\t\t<div class=\"tile-back tile-type-text ui default\">\n\t\t\t<div class=\"tile-inner\">\n\n\t\t\t\t\n\t\t\t\t\t\t\t\t\t\t<div class=\"tile-content\">\n\t\t\t\t\t\t<h6>Antoine Raby<\/h6><p>Repr\u00e9sentant des ventes Volvo &#8211; Rive-Nord<\/p><p>T\u00e9l. : 418 833-1601 poste 3243<br \/>Cell : 367 321-7114<\/p><p>Courriel : <a href=\"mailto:antoine.raby@parevolvo.com\">antoine.raby@parevolvo.com<\/a><\/p>\t\t\t\t\t<\/div><!-- .tile-content -->\n\n\t\t\t\t\n\t\t\t\t\n\t\t\t\t\n\t\t\t<\/div><!-- .tile-inner -->\n\n\t\t<\/div><!-- .tile-back -->\n\n\t\n\t<\/div><!-- .tile-flip-box --><\/div><!-- .tile-flip-box-wrap -->\n\n\t<div class=\"tf-tile-data\">\n\t\t<script type=\"text\/json\">{\"size\":\"square-large\",\"type_front\":\"text\",\"color_front\":\"default\",\"button_link_params_front\":\"|\",\"icon_type_front\":\"image\",\"gallery_autoplay_front\":\"off\",\"gallery_hide_timer_front\":\"no\",\"type_map_front\":\"ROADMAP\",\"zoom_map_front\":\"7\",\"scrollwheel_map_front\":\"enable\",\"draggable_map_front\":\"enable\",\"action_param_front\":\"|\",\"background_image_front\":\"https:\\\/\\\/parevolvo.com\\\/wp-content\\\/uploads\\\/2026\\\/01\\\/Antoine-Raby.jpg\",\"background_image_front_width\":\"1000\",\"background_image_front_height\":\"1000\",\"type_back\":\"text\",\"color_back\":\"default\",\"text_back\":\"<h6>Antoine Raby<\\\/h6><p>Repr\\u00e9sentant des ventes Volvo - Rive-Nord<\\\/p><p>T\\u00e9l. : 418 833-1601 poste 3243<br \\\/>Cell : 367 321-7114<\\\/p><p>Courriel : <a href=\\\"mailto:antoine.raby@parevolvo.com\\\">antoine.raby@parevolvo.com<\\\/a><\\\/p>\",\"button_link_params_back\":\"|\",\"icon_type_back\":\"icon\",\"gallery_autoplay_back\":\"off\",\"gallery_hide_timer_back\":\"no\",\"type_map_back\":\"ROADMAP\",\"zoom_map_back\":\"7\",\"scrollwheel_map_back\":\"enable\",\"draggable_map_back\":\"enable\",\"action_param_back\":\"|\",\"tile_autoflip\":\"0\",\"flip_effect\":\"fadeIn\",\"background_color_back\":\"#222222\",\"text_color_back\":\"#ffffff\",\"link_color_back\":\"#ffffff\"}<\/script>\n\t<\/div>\n\n<\/div><!-- .tf-tile -->\t\t\t<\/div>\n<\/div>\n    <\/div>\n<\/div>\n<!-- \/module text -->        <\/div>\n                        <\/div>\n        <\/div>\n        <\/div>\n<!--\/themify_builder_content-->","protected":false},"excerpt":{"rendered":"<p>Maximise le fret et l\u2019efficacit\u00e9 S\u00e9rie VAH<\/p>","protected":false},"author":1,"featured_media":0,"parent":0,"menu_order":0,"comment_status":"closed","ping_status":"closed","template":"","meta":{"_acf_changed":false,"footnotes":""},"class_list":["post-34","page","type-page","status-publish","hentry","has-post-title","has-post-date","has-post-category","has-post-tag","has-post-comment","has-post-author",""],"acf":[],"yoast_head":"<!-- This site is optimized with the Yoast SEO plugin v26.6 - https:\/\/yoast.com\/wordpress\/plugins\/seo\/ -->\n<title>Volvo S\u00e9rie VAH - Par\u00e9 Centre du Camion<\/title>\n<meta name=\"robots\" content=\"index, follow, max-snippet:-1, max-image-preview:large, max-video-preview:-1\" \/>\n<link rel=\"canonical\" href=\"https:\/\/parevolvo.com\/english\/volvo-serie-vah\/\" \/>\n<meta property=\"og:locale\" content=\"en_US\" \/>\n<meta property=\"og:type\" content=\"article\" \/>\n<meta property=\"og:title\" content=\"Volvo S\u00e9rie VAH - Par\u00e9 Centre du Camion\" \/>\n<meta property=\"og:description\" content=\"Maximise le fret et l\u2019efficacit\u00e9 S\u00e9rie VAH\" \/>\n<meta property=\"og:url\" content=\"https:\/\/parevolvo.com\/english\/volvo-serie-vah\/\" \/>\n<meta property=\"og:site_name\" content=\"Par\u00e9 Centre du Camion\" \/>\n<meta property=\"article:publisher\" content=\"https:\/\/www.facebook.com\/pare.volvoisuzu\" \/>\n<meta property=\"article:modified_time\" content=\"2022-02-09T20:11:26+00:00\" \/>\n<meta name=\"twitter:card\" content=\"summary_large_image\" \/>\n<script type=\"application\/ld+json\" class=\"yoast-schema-graph\">{\"@context\":\"https:\/\/schema.org\",\"@graph\":[{\"@type\":\"WebPage\",\"@id\":\"https:\/\/parevolvo.com\/english\/volvo-serie-vah\/\",\"url\":\"https:\/\/parevolvo.com\/english\/volvo-serie-vah\/\",\"name\":\"Volvo S\u00e9rie VAH - Par\u00e9 Centre du Camion\",\"isPartOf\":{\"@id\":\"https:\/\/parevolvo.com\/francais\/#website\"},\"datePublished\":\"2020-03-18T15:09:02+00:00\",\"dateModified\":\"2022-02-09T20:11:26+00:00\",\"breadcrumb\":{\"@id\":\"https:\/\/parevolvo.com\/english\/volvo-serie-vah\/#breadcrumb\"},\"inLanguage\":\"en-CA\",\"potentialAction\":[{\"@type\":\"ReadAction\",\"target\":[\"https:\/\/parevolvo.com\/english\/volvo-serie-vah\/\"]}]},{\"@type\":\"BreadcrumbList\",\"@id\":\"https:\/\/parevolvo.com\/english\/volvo-serie-vah\/#breadcrumb\",\"itemListElement\":[{\"@type\":\"ListItem\",\"position\":1,\"name\":\"Accueil\",\"item\":\"https:\/\/parevolvo.com\/fr\/\"},{\"@type\":\"ListItem\",\"position\":2,\"name\":\"Volvo S\u00e9rie VAH\"}]},{\"@type\":\"WebSite\",\"@id\":\"https:\/\/parevolvo.com\/francais\/#website\",\"url\":\"https:\/\/parevolvo.com\/francais\/\",\"name\":\"Par\u00e9 Centre du Camion\",\"description\":\"1 888 833-5388\",\"publisher\":{\"@id\":\"https:\/\/parevolvo.com\/francais\/#organization\"},\"potentialAction\":[{\"@type\":\"SearchAction\",\"target\":{\"@type\":\"EntryPoint\",\"urlTemplate\":\"https:\/\/parevolvo.com\/francais\/?s={search_term_string}\"},\"query-input\":{\"@type\":\"PropertyValueSpecification\",\"valueRequired\":true,\"valueName\":\"search_term_string\"}}],\"inLanguage\":\"en-CA\"},{\"@type\":\"Organization\",\"@id\":\"https:\/\/parevolvo.com\/francais\/#organization\",\"name\":\"Par\u00e9 Centre du Camion\",\"url\":\"https:\/\/parevolvo.com\/francais\/\",\"logo\":{\"@type\":\"ImageObject\",\"inLanguage\":\"en-CA\",\"@id\":\"https:\/\/parevolvo.com\/francais\/#\/schema\/logo\/image\/\",\"url\":\"https:\/\/parevolvo.com\/wp-content\/uploads\/2022\/04\/Logo-Pare-Header-e1651006453327.png\",\"contentUrl\":\"https:\/\/parevolvo.com\/wp-content\/uploads\/2022\/04\/Logo-Pare-Header-e1651006453327.png\",\"width\":250,\"height\":135,\"caption\":\"Par\u00e9 Centre du Camion\"},\"image\":{\"@id\":\"https:\/\/parevolvo.com\/francais\/#\/schema\/logo\/image\/\"},\"sameAs\":[\"https:\/\/www.facebook.com\/pare.volvoisuzu\"]}]}<\/script>\n<!-- \/ Yoast SEO plugin. -->","yoast_head_json":{"title":"Volvo S\u00e9rie VAH - Par\u00e9 Centre du Camion","robots":{"index":"index","follow":"follow","max-snippet":"max-snippet:-1","max-image-preview":"max-image-preview:large","max-video-preview":"max-video-preview:-1"},"canonical":"https:\/\/parevolvo.com\/english\/volvo-serie-vah\/","og_locale":"en_US","og_type":"article","og_title":"Volvo S\u00e9rie VAH - Par\u00e9 Centre du Camion","og_description":"Maximise le fret et l\u2019efficacit\u00e9 S\u00e9rie VAH","og_url":"https:\/\/parevolvo.com\/english\/volvo-serie-vah\/","og_site_name":"Par\u00e9 Centre du Camion","article_publisher":"https:\/\/www.facebook.com\/pare.volvoisuzu","article_modified_time":"2022-02-09T20:11:26+00:00","twitter_card":"summary_large_image","schema":{"@context":"https:\/\/schema.org","@graph":[{"@type":"WebPage","@id":"https:\/\/parevolvo.com\/english\/volvo-serie-vah\/","url":"https:\/\/parevolvo.com\/english\/volvo-serie-vah\/","name":"Volvo S\u00e9rie VAH - Par\u00e9 Centre du Camion","isPartOf":{"@id":"https:\/\/parevolvo.com\/francais\/#website"},"datePublished":"2020-03-18T15:09:02+00:00","dateModified":"2022-02-09T20:11:26+00:00","breadcrumb":{"@id":"https:\/\/parevolvo.com\/english\/volvo-serie-vah\/#breadcrumb"},"inLanguage":"en-CA","potentialAction":[{"@type":"ReadAction","target":["https:\/\/parevolvo.com\/english\/volvo-serie-vah\/"]}]},{"@type":"BreadcrumbList","@id":"https:\/\/parevolvo.com\/english\/volvo-serie-vah\/#breadcrumb","itemListElement":[{"@type":"ListItem","position":1,"name":"Accueil","item":"https:\/\/parevolvo.com\/fr\/"},{"@type":"ListItem","position":2,"name":"Volvo S\u00e9rie VAH"}]},{"@type":"WebSite","@id":"https:\/\/parevolvo.com\/francais\/#website","url":"https:\/\/parevolvo.com\/francais\/","name":"Par\u00e9 Centre du Camion","description":"1 888 833-5388","publisher":{"@id":"https:\/\/parevolvo.com\/francais\/#organization"},"potentialAction":[{"@type":"SearchAction","target":{"@type":"EntryPoint","urlTemplate":"https:\/\/parevolvo.com\/francais\/?s={search_term_string}"},"query-input":{"@type":"PropertyValueSpecification","valueRequired":true,"valueName":"search_term_string"}}],"inLanguage":"en-CA"},{"@type":"Organization","@id":"https:\/\/parevolvo.com\/francais\/#organization","name":"Par\u00e9 Centre du Camion","url":"https:\/\/parevolvo.com\/francais\/","logo":{"@type":"ImageObject","inLanguage":"en-CA","@id":"https:\/\/parevolvo.com\/francais\/#\/schema\/logo\/image\/","url":"https:\/\/parevolvo.com\/wp-content\/uploads\/2022\/04\/Logo-Pare-Header-e1651006453327.png","contentUrl":"https:\/\/parevolvo.com\/wp-content\/uploads\/2022\/04\/Logo-Pare-Header-e1651006453327.png","width":250,"height":135,"caption":"Par\u00e9 Centre du Camion"},"image":{"@id":"https:\/\/parevolvo.com\/francais\/#\/schema\/logo\/image\/"},"sameAs":["https:\/\/www.facebook.com\/pare.volvoisuzu"]}]}},"jetpack_sharing_enabled":true,"builder_content":"<h1 style=\"text-align: center;\">Maximise le fret et l\u2019efficacit\u00e9<\/h1> <h1 style=\"text-align: center;\">S\u00e9rie VAH<\/h1>\n<h4><strong>Le camion Volvo pour maximiser le fret et l'efficacit\u00e9<br \/><\/strong><\/h4> <p>Le Volvo VAH, pour une conduite douce et confortable et une suppression du bruit sup\u00e9rieur ne sont que quelques-unes des fonctionnalit\u00e9s haut de gamme du VAH. Con\u00e7ues pour am\u00e9liorer la productivit\u00e9 du conducteur.<\/p>\n<h5><strong>Explorez la s\u00e9rie VAH<\/strong><\/h5> <p>La s\u00e9rie VAH utilise une configuration unique qui r\u00e9duit la hauteur hors tout pour offrir une flexibilit\u00e9 de chargement ultime. Les essieux avant \u00e0 forte inclinaison, les suspensions arri\u00e8re Volvo Air Ride de faible hauteur et les options de cabine \u00e0 hauteur r\u00e9duite contribuent tous \u00e0 r\u00e9duire la hauteur hors tout et offrent la souplesse n\u00e9cessaire pour positionner une voiture, un pick-up ou une mini-fourgonnette au-dessus de la cabine. Deux hauteurs de toit abaiss\u00e9es sont disponibles, partielle (102,5 pouces) et compl\u00e8te (97,5 pouces), par l'interm\u00e9diaire de Fontaine Modification Company.<\/p>\n<a href=\"https:\/\/www.volvotrucks.ca\/fr-ca\/trucks\/vnr\/\" data-zoom-config=\"80%|px\"> <img src=\"http:\/\/parevolvo.com\/wp-content\/uploads\/2020\/04\/VAH-300.jpg\" width=\"1016\" height=\"470\" title=\"Volvo S\u00e9rie VAH\" alt=\"Volvo S\u00e9rie VAH\"> <\/a>\n<h5 style=\"text-align: center;\">VAH 300<\/h5> <p>Le VNX 300 daycab est la solution pour les itin\u00e9raires de transport automatique qui sont courts sur des kilom\u00e8tres mais longs sur le volume. La configuration courte du daycab \u00abBBC\u00bb plaira \u00e0 vos conducteurs gr\u00e2ce \u00e0 un rayon de braquage plus \u00e9troit. De plus, vos r\u00e9sultats financiers resterons sains en transportant jusqu\u2019\u00e0 11 v\u00e9hicules par chargement.<\/p>\n<a href=\"https:\/\/www.volvotrucks.ca\/fr-ca\/trucks\/vah\/\" target=\"_blank\" rel=\"nofollow noopener\"> En savoir plus <\/a>\n<img src=\"http:\/\/parevolvo.com\/wp-content\/uploads\/2020\/04\/VAH-400.jpg\" width=\"1016\" height=\"470\" title=\"Volvo S\u00e9rie VAH\" alt=\"Volvo S\u00e9rie VAH\">\n<h5 style=\"text-align: center;\">VAH 400<\/h5> <p>Le toit plat VAH 400 couchette maintient la maniabilit\u00e9, mais ajoute une couvhette de 42 pouces pour un repos confortable quand vous \u00eates sur la route la nuit. Si votre entreprise de transport automatique s\u2019\u00e9tend des itin\u00e9raires de livraison locaux \u00e0 plusieurs arr\u00eats \u00e0 des chargements complets transport\u00e9s dans toute la r\u00e9gion, le VAH400 est la solution id\u00e9ale.<\/p>\n<a href=\"https:\/\/www.volvotrucks.ca\/fr-ca\/trucks\/vah\/\" target=\"_blank\" rel=\"nofollow noopener\"> En savoir plus <\/a>\n<img src=\"http:\/\/parevolvo.com\/wp-content\/uploads\/2020\/04\/VAH-600.jpg\" width=\"1016\" height=\"470\" title=\"Volvo S\u00e9rie VAH\" alt=\"Volvo S\u00e9rie VAH\">\n<h6 style=\"text-align: center;\">VAH 600<\/h6> <p>La cabine \u00e0 toit plat VAH rend la vie plus confortable, plus productive et plus s\u00fbre avec couchette de 61 pouces offrant beaucoup d\u2019espace pour le repos, les repas et la paperasserie. Lorsque de longues distances et des d\u00e9lais courts n\u00e9cessitent de passer plusieurs nuits sur la route, le VAH 600 r\u00e9pond \u00e0 l\u2019appel d\u2019une cabine couchette de qualit\u00e9 sup\u00e9rieur.<\/p>\n<a href=\"https:\/\/www.volvotrucks.ca\/fr-ca\/trucks\/vah\/\" target=\"_blank\" rel=\"nofollow noopener\"> En savoir plus <\/a>\n<h3>De vrai repr\u00e9sentant d\u2019exp\u00e9rience<\/h3> <p>\u00a0<\/p> <p>Nos repr\u00e9sentants des ventes vous accueillent dans le confort de nos bureaux ou se d\u00e9placent afin de vous rencontrer \u00e0 votre bureau. Leurs grandes exp\u00e9riences du domaine du camionnage et du transport leurs permettent de bien comprendre vos exigences. Ils prennent le temps de bien analyser vos besoins et vous proposent le camion tracteur qui vous convient vraiment, et ce, sans compromis sur le confort, l\u2019ergonomie, la polyvalence et la puissance dont vous avez besoin.<\/p>\n<p>[themify_tiles group=\"251\"]<\/p>","_links":{"self":[{"href":"https:\/\/parevolvo.com\/english\/wp-json\/wp\/v2\/pages\/34","targetHints":{"allow":["GET"]}}],"collection":[{"href":"https:\/\/parevolvo.com\/english\/wp-json\/wp\/v2\/pages"}],"about":[{"href":"https:\/\/parevolvo.com\/english\/wp-json\/wp\/v2\/types\/page"}],"author":[{"embeddable":true,"href":"https:\/\/parevolvo.com\/english\/wp-json\/wp\/v2\/users\/1"}],"replies":[{"embeddable":true,"href":"https:\/\/parevolvo.com\/english\/wp-json\/wp\/v2\/comments?post=34"}],"version-history":[{"count":33,"href":"https:\/\/parevolvo.com\/english\/wp-json\/wp\/v2\/pages\/34\/revisions"}],"predecessor-version":[{"id":847,"href":"https:\/\/parevolvo.com\/english\/wp-json\/wp\/v2\/pages\/34\/revisions\/847"}],"wp:attachment":[{"href":"https:\/\/parevolvo.com\/english\/wp-json\/wp\/v2\/media?parent=34"}],"curies":[{"name":"wp","href":"https:\/\/api.w.org\/{rel}","templated":true}]}}