{"id":26,"date":"2020-03-18T11:07:54","date_gmt":"2020-03-18T15:07:54","guid":{"rendered":"https:\/\/parevolvo.com\/?page_id=26"},"modified":"2025-02-14T15:10:20","modified_gmt":"2025-02-14T20:10:20","slug":"volvo-serie-vnr","status":"publish","type":"page","link":"https:\/\/parevolvo.com\/english\/volvo-serie-vnr\/","title":{"rendered":"Volvo S\u00e9rie VNR"},"content":{"rendered":"<!--themify_builder_content-->\n<div id=\"themify_builder_content-26\" data-postid=\"26\" class=\"themify_builder_content themify_builder_content-26 themify_builder tf_clear\">\n                    <div  data-parallax-bg=\"desktop\" data-css_id=\"xfdm498\" data-lazy=\"1\" class=\"module_row themify_builder_row fullwidth tb_xfdm498 tb_first tf_w\">\n                        <div class=\"row_inner col_align_top tb_col_count_1 tf_box tf_rel\">\n                        <div  data-lazy=\"1\" class=\"module_column tb-column col-full tb_5v1s499 first\">\n                    <!-- module text -->\n<div  class=\"module module-text tb_vynj128\" data-lazy=\"1\">\n        <div  class=\"tb_text_wrap\">\n        <h1 style=\"text-align: center;\">La polyvalence r\u00e9gionale \u2013 productivit\u00e9 sup\u00e9rieur<\/h1>\n<h1 style=\"text-align: center;\">S\u00e9rie VNR<\/h1>    <\/div>\n<\/div>\n<!-- \/module text -->        <\/div>\n                        <\/div>\n        <\/div>\n                        <div  data-lazy=\"1\" class=\"module_row themify_builder_row tb_jgsc581 tf_w\">\n                        <div class=\"row_inner col_align_top tb_col_count_1 tf_box tf_rel\">\n                        <div  data-lazy=\"1\" class=\"module_column tb-column col-full tb_4jzm582 first\">\n                    <!-- module text -->\n<div  class=\"module module-text tb_p0jj290\" data-lazy=\"1\">\n        <div  class=\"tb_text_wrap\">\n        <h4><strong>Le camion Volvo le plus polyvalent \u00e0 ce jour<\/strong><\/h4>\n<p>Le Volvo VNR repr\u00e9sente l&rsquo;avenir du transport r\u00e9gional. Ce camion ne fait pas de compromis, offrant productivit\u00e9 et efficacit\u00e9 avec des \u00e9quipements de qualit\u00e9 et longue distance.<\/p>    <\/div>\n<\/div>\n<!-- \/module text -->        <\/div>\n                        <\/div>\n        <\/div>\n                        <div  data-lazy=\"1\" class=\"module_row themify_builder_row tb_exnh348 tf_w\">\n                        <div class=\"row_inner col_align_top tb_col_count_1 tf_box tf_rel\">\n                        <div  data-lazy=\"1\" class=\"module_column tb-column col-full tb_nlqp349 first\">\n                    <!-- module text -->\n<div  class=\"module module-text tb_xf8u728\" data-lazy=\"1\">\n        <div  class=\"tb_text_wrap\">\n        <h5><strong>Explorez la s\u00e9rie VNR<\/strong><\/h5>\n<p>Le nouveau Volvo VNR pr\u00e9sente un nouvel ext\u00e9rieur spectaculaire qu&rsquo;il est impossible d&rsquo;ignorer. Les contours distinctifs am\u00e9liorent le flux d&rsquo;air, tandis que l&rsquo;\u00e9clairage LED \u00e0 la pointe de la technologie am\u00e9liore la visibilit\u00e9 et r\u00e9duit la maintenance. \u00c0 l&rsquo;int\u00e9rieur, les si\u00e8ges ont \u00e9t\u00e9 optimis\u00e9s pour \u00eatre encore plus ergonomiques, tandis qu&rsquo;un nouveau tableau de bord et un nouveau volant permettent au conducteur de contr\u00f4ler et d&rsquo;informer efficacement, en minimisant les distractions.<\/p>    <\/div>\n<\/div>\n<!-- \/module text -->        <\/div>\n                        <\/div>\n        <\/div>\n                        <div  data-lazy=\"1\" class=\"module_row themify_builder_row tb_ks7o813 tf_w\">\n                        <div class=\"row_inner col_align_top tb_col_count_3 tf_box tf_rel\">\n                        <div  data-lazy=\"1\" class=\"module_column tb-column col3-1 tb_5hio814 first\">\n                    <!-- module image -->\n<div  class=\"module module-image tb_hsto128 image-top   auto_fullwidth tf_mw\" data-lazy=\"1\">\n        <div class=\"image-wrap tf_rel tf_mw\">\n            <a href=\"https:\/\/www.volvotrucks.ca\/fr-ca\/trucks\/vnr\/\" class=\"lightbox-builder themify_lightbox\" data-zoom-config=\"80%|px\">\n                   <img loading=\"lazy\" decoding=\"async\" src=\"http:\/\/parevolvo.com\/wp-content\/uploads\/2020\/04\/VNR-300.jpg\" width=\"1016\" height=\"470\" title=\"Volvo S\u00e9rie VNR\" alt=\"Volvo S\u00e9rie VNR\">        <\/a>\n    \n        <\/div>\n    <!-- \/image-wrap -->\n    \n        <\/div>\n<!-- \/module image --><!-- module text -->\n<div  class=\"module module-text tb_f96h946\" data-lazy=\"1\">\n        <div  class=\"tb_text_wrap\">\n        <h5 style=\"text-align: center;\">VNR 300<\/h5>\n<p>Le taxi du VNR 300 apporte un raffinement pr\u00e9cis de l\u2019environnement de conduite \u00e0 un daycab l\u00e9ger et efficace. L\u2019int\u00e9rieur de la cabine est soigneusement am\u00e9nag\u00e9 pour que les conducteurs de routes quotidiennes soient productifs, confortables et heureux.<\/p>    <\/div>\n<\/div>\n<!-- \/module text --><!-- module buttons -->\n<div  class=\"module module-buttons tb_k7on621 buttons-horizontal solid   circle\" data-lazy=\"1\">\n        <div class=\"module-buttons-item tf_in_flx\">\n                        <a href=\"https:\/\/www.volvotrucks.ca\/fr-ca\/trucks\/vnr\/\" class=\"ui builder_button tf_in_flx gray\" target=\"_blank\" rel=\"nofollow noopener\">\n                                                En savoir plus                                        <\/a>\n                <\/div>\n            <\/div>\n<!-- \/module buttons -->\n        <\/div>\n                    <div  data-lazy=\"1\" class=\"module_column tb-column col3-1 tb_oz4r815\">\n                    <!-- module image -->\n<div  class=\"module module-image tb_1sw2332 image-top   auto_fullwidth tf_mw\" data-lazy=\"1\">\n        <div class=\"image-wrap tf_rel tf_mw\">\n            <img loading=\"lazy\" decoding=\"async\" src=\"http:\/\/parevolvo.com\/wp-content\/uploads\/2020\/04\/VNR-400.jpg\" width=\"1016\" height=\"470\" title=\"Volvo S\u00e9rie VNR\" alt=\"Volvo S\u00e9rie VNR\">    \n        <\/div>\n    <!-- \/image-wrap -->\n    \n        <\/div>\n<!-- \/module image --><!-- module text -->\n<div  class=\"module module-text tb_h3p9517\" data-lazy=\"1\">\n        <div  class=\"tb_text_wrap\">\n        <h5 style=\"text-align: center;\">VNR 400<\/h5>\n<p>Avec une traverse \u00e0 toit plat de 42 pouces, le VNR 400 est bien adapt\u00e9 aux applications de transport en vrac r\u00e9gional durant la nuit o\u00f9 la hauteur totale est un facteur \u00e0 prendre en compte. En empaquetant une traverse efficace dans une \u00abBBC\u00bb compacte, Le VNR 400 garantit une manoeuvrabilit\u00e9 maximale pour les sites de chargement charg\u00e9 ou les livraisons industrielles.<\/p>    <\/div>\n<\/div>\n<!-- \/module text --><!-- module buttons -->\n<div  class=\"module module-buttons tb_s9or847 buttons-horizontal solid   circle\" data-lazy=\"1\">\n        <div class=\"module-buttons-item tf_in_flx\">\n                        <a href=\"https:\/\/www.volvotrucks.ca\/fr-ca\/trucks\/vnr\/\" class=\"ui builder_button tf_in_flx gray\" target=\"_blank\" rel=\"nofollow noopener\">\n                                                En savoir plus                                        <\/a>\n                <\/div>\n            <\/div>\n<!-- \/module buttons -->\n        <\/div>\n                    <div  data-lazy=\"1\" class=\"module_column tb-column col3-1 tb_u4dm815 last\">\n                    <!-- module image -->\n<div  class=\"module module-image tb_bwgn678 image-top   auto_fullwidth tf_mw\" data-lazy=\"1\">\n        <div class=\"image-wrap tf_rel tf_mw\">\n            <img loading=\"lazy\" decoding=\"async\" src=\"http:\/\/parevolvo.com\/wp-content\/uploads\/2020\/04\/VNR-640.jpg\" width=\"1016\" height=\"470\" title=\"Volvo S\u00e9rie VNR\" alt=\"Volvo S\u00e9rie VNR\">    \n        <\/div>\n    <!-- \/image-wrap -->\n    \n        <\/div>\n<!-- \/module image --><!-- module text -->\n<div  class=\"module module-text tb_xxfz580\" data-lazy=\"1\">\n        <div  class=\"tb_text_wrap\">\n        <h6 style=\"text-align: center;\">VNR 640<\/h6>\n<p>Lorsque les arr\u00eats \u00e0 la maison sont moins nombreux et plus \u00e9loign\u00e9s sur vos itin\u00e9raires r\u00e9gionaux, la couchette de mi-toit de 61 pouces VNR640 offre plus de places pour les formalit\u00e9s administratives ou la d\u00e9tente et un grand espace de rangement pour organiser votre espace de vie. Et avec une courte \u00abBBC\u00bb, le VNR conserve toujours une excellente maniabilit\u00e9.<\/p>    <\/div>\n<\/div>\n<!-- \/module text --><!-- module buttons -->\n<div  class=\"module module-buttons tb_6nh7170 buttons-horizontal solid   circle\" data-lazy=\"1\">\n        <div class=\"module-buttons-item tf_in_flx\">\n                        <a href=\"https:\/\/www.volvotrucks.ca\/fr-ca\/trucks\/vnr\/\" class=\"ui builder_button tf_in_flx gray\" target=\"_blank\" rel=\"nofollow noopener\">\n                                                En savoir plus                                        <\/a>\n                <\/div>\n            <\/div>\n<!-- \/module buttons -->\n        <\/div>\n                        <\/div>\n        <\/div>\n                        <div  data-lazy=\"1\" class=\"module_row themify_builder_row tb_02tl561 tf_w\">\n                        <div class=\"row_inner col_align_top tb_col_count_2 tf_box tf_rel\">\n                        <div  data-lazy=\"1\" class=\"module_column tb-column col4-2 tb_wb15561 first\">\n                    <!-- module text -->\n<div  class=\"module module-text tb_ntxv884\" data-lazy=\"1\">\n        <div  class=\"tb_text_wrap\">\n        <h3>De vrais repr\u00e9sentants d\u2019exp\u00e9rience<\/h3>\n<p>\u00a0<\/p>\n<p>Nos repr\u00e9sentants des ventes vous accueillent dans le confort de nos bureaux ou se d\u00e9placent afin de vous rencontrer \u00e0 votre bureau. Leurs grandes exp\u00e9riences du domaine du camionnage et du transport leurs permettent de bien comprendre vos exigences. Ils prennent le temps de bien analyser vos besoins et vous proposent le camion tracteur qui vous convient vraiment, et ce, sans compromis sur le confort, l\u2019ergonomie, la polyvalence et la puissance dont vous avez besoin.<\/p>    <\/div>\n<\/div>\n<!-- \/module text -->        <\/div>\n                    <div  data-lazy=\"1\" class=\"module_column tb-column col4-2 tb_u0o6561 last\">\n                    <!-- module text -->\n<div  class=\"module module-text tb_dfj7154\" data-lazy=\"1\">\n        <div  class=\"tb_text_wrap\">\n        \n<div id=\"tf-tiles-251\" class=\"tf-tiles fluid-tiles\" data-post_id=\"251\">\n\n\t<div class=\"tf-tiles-wrap\" data-base_size=\"16\" data-tiles_per_row=\"6\">\n\t\t\t\t\t<div id=\"tf-tile-251-0\" class=\"tf-tile size-square-large fadeIn has-flip tile-type-front-text\" data-auto-flip=\"0\" data-in-effect=\"fadeIn\" data-out-effect=\"fadeOut\">\n\n\t<div class=\"tile-flip-box-wrap\"><div class=\"tile-flip-box\">\n\n\t\n\t\t\n\t\t<style>\n\t\t#tf-tile-251-0 .tile-front {\n\t\t\tbackground-image: url(\"https:\/\/parevolvo.com\/wp-content\/uploads\/2026\/01\/Charles-Turgeon-819x1024-819x1000.jpg\"); \t\t}\n\t\t#tf-tile-251-0 .tile-front a {\n\t\t\t\t\t}\n\t\t<\/style>\n\n\t\t<div class=\"tile-front tile-type-text ui default\">\n\t\t\t<div class=\"tile-inner\">\n\n\t\t\t\t\n\t\t\t\t\t\t\t\t\t\t<div class=\"tile-content\">\n\t\t\t\t\t\t\t\t\t\t\t<\/div><!-- .tile-content -->\n\n\t\t\t\t\n\t\t\t\t\n\t\t\t\t\n\t\t\t<\/div><!-- .tile-inner -->\n\n\t\t<\/div><!-- .tile-front -->\n\n\t\n\t\t\n\t\t<style>\n\t\t#tf-tile-251-0 .tile-back {\n\t\t\tbackground-color: rgba(34,34,34, 1); color: rgba(255,255,255, 1); \t\t}\n\t\t#tf-tile-251-0 .tile-back a {\n\t\t\tcolor: rgba(255,255,255, 1); \t\t}\n\t\t<\/style>\n\n\t\t<div class=\"tile-back tile-type-text ui default\">\n\t\t\t<div class=\"tile-inner\">\n\n\t\t\t\t\n\t\t\t\t\t\t\t\t\t\t<div class=\"tile-content\">\n\t\t\t\t\t\t<h6>Charles Turgeon<\/h6><p>Directeur des ventes Volvo<\/p><p>T\u00e9l. : 418 833-5333 poste 3229<br \/>Cell : 418 906-6022<\/p><p>Courriel : <a href=\"mailto:charles.turgeon@parevolvo.com\">charles.turgeon@parevolvo.com<\/a><\/p>\t\t\t\t\t<\/div><!-- .tile-content -->\n\n\t\t\t\t\n\t\t\t\t\n\t\t\t\t\n\t\t\t<\/div><!-- .tile-inner -->\n\n\t\t<\/div><!-- .tile-back -->\n\n\t\n\t<\/div><!-- .tile-flip-box --><\/div><!-- .tile-flip-box-wrap -->\n\n\t<div class=\"tf-tile-data\">\n\t\t<script type=\"text\/json\">{\"size\":\"square-large\",\"type_front\":\"text\",\"color_front\":\"default\",\"button_link_params_front\":\"|\",\"icon_type_front\":\"image\",\"gallery_autoplay_front\":\"off\",\"gallery_hide_timer_front\":\"no\",\"type_map_front\":\"ROADMAP\",\"zoom_map_front\":\"7\",\"scrollwheel_map_front\":\"enable\",\"draggable_map_front\":\"enable\",\"action_param_front\":\"|\",\"background_image_front\":\"https:\\\/\\\/parevolvo.com\\\/wp-content\\\/uploads\\\/2026\\\/01\\\/Charles-Turgeon.jpg\",\"background_image_front_width\":\"1000\",\"background_image_front_height\":\"1000\",\"type_back\":\"text\",\"color_back\":\"default\",\"text_back\":\"<h6>Charles Turgeon<\\\/h6><p>Directeur des ventes Volvo<\\\/p><p>T\\u00e9l. : 418 833-5333 poste 3229<br \\\/>Cell : 418 906-6022<\\\/p><p>Courriel : <a href=\\\"mailto:charles.turgeon@parevolvo.com\\\">charles.turgeon@parevolvo.com<\\\/a><\\\/p>\",\"button_link_params_back\":\"|\",\"icon_type_back\":\"icon\",\"gallery_autoplay_back\":\"off\",\"gallery_hide_timer_back\":\"no\",\"type_map_back\":\"ROADMAP\",\"zoom_map_back\":\"7\",\"scrollwheel_map_back\":\"enable\",\"draggable_map_back\":\"enable\",\"action_param_back\":\"|\",\"tile_autoflip\":\"0\",\"flip_effect\":\"fadeIn\",\"background_color_back\":\"#222222\",\"text_color_back\":\"#ffffff\",\"link_color_back\":\"#ffffff\"}<\/script>\n\t<\/div>\n\n<\/div><!-- .tf-tile -->\t\t\t\t\t<div id=\"tf-tile-251-1\" class=\"tf-tile size-square-large fadeIn has-flip tile-type-front-text\" data-auto-flip=\"0\" data-in-effect=\"fadeIn\" data-out-effect=\"fadeOut\">\n\n\t<div class=\"tile-flip-box-wrap\"><div class=\"tile-flip-box\">\n\n\t\n\t\t\n\t\t<style>\n\t\t#tf-tile-251-1 .tile-front {\n\t\t\tbackground-image: url(\"https:\/\/parevolvo.com\/wp-content\/uploads\/2026\/01\/Saule-Duchesneau-819x1024-819x1000.jpg\"); \t\t}\n\t\t#tf-tile-251-1 .tile-front a {\n\t\t\t\t\t}\n\t\t<\/style>\n\n\t\t<div class=\"tile-front tile-type-text ui default\">\n\t\t\t<div class=\"tile-inner\">\n\n\t\t\t\t\n\t\t\t\t\t\t\t\t\t\t<div class=\"tile-content\">\n\t\t\t\t\t\t\t\t\t\t\t<\/div><!-- .tile-content -->\n\n\t\t\t\t\n\t\t\t\t\n\t\t\t\t\n\t\t\t<\/div><!-- .tile-inner -->\n\n\t\t<\/div><!-- .tile-front -->\n\n\t\n\t\t\n\t\t<style>\n\t\t#tf-tile-251-1 .tile-back {\n\t\t\tbackground-color: rgba(34,34,34, 1); color: rgba(255,255,255, 1); \t\t}\n\t\t#tf-tile-251-1 .tile-back a {\n\t\t\tcolor: rgba(255,255,255, 1); \t\t}\n\t\t<\/style>\n\n\t\t<div class=\"tile-back tile-type-text ui default\">\n\t\t\t<div class=\"tile-inner\">\n\n\t\t\t\t\n\t\t\t\t\t\t\t\t\t\t<div class=\"tile-content\">\n\t\t\t\t\t\t<h6>Saule Duchesneau<\/h6><p>Repr\u00e9sentant des ventes Volvo &#8211; Rive-Sud<\/p><p>T\u00e9l. : 418 833-5333 poste 3241<br \/>Cell : 581 398-8026<\/p><p>Courriel : <a href=\"mailto:saule.duchesneau@parevolvo.com\">saule.duchesneau@parevolvo.com<\/a><\/p>\t\t\t\t\t<\/div><!-- .tile-content -->\n\n\t\t\t\t\n\t\t\t\t\n\t\t\t\t\n\t\t\t<\/div><!-- .tile-inner -->\n\n\t\t<\/div><!-- .tile-back -->\n\n\t\n\t<\/div><!-- .tile-flip-box --><\/div><!-- .tile-flip-box-wrap -->\n\n\t<div class=\"tf-tile-data\">\n\t\t<script type=\"text\/json\">{\"size\":\"square-large\",\"type_front\":\"text\",\"color_front\":\"default\",\"button_link_params_front\":\"|\",\"icon_type_front\":\"image\",\"gallery_autoplay_front\":\"off\",\"gallery_hide_timer_front\":\"no\",\"type_map_front\":\"ROADMAP\",\"zoom_map_front\":\"7\",\"scrollwheel_map_front\":\"enable\",\"draggable_map_front\":\"enable\",\"action_param_front\":\"|\",\"background_image_front\":\"https:\\\/\\\/parevolvo.com\\\/wp-content\\\/uploads\\\/2026\\\/01\\\/Saule-Duchesneau.jpg\",\"background_image_front_width\":\"1000\",\"background_image_front_height\":\"1000\",\"type_back\":\"text\",\"color_back\":\"default\",\"text_back\":\"<h6>Saule Duchesneau<\\\/h6><p>Repr\\u00e9sentant des ventes Volvo - Rive-Sud<\\\/p><p>T\\u00e9l. : 418 833-5333 poste 3241<br \\\/>Cell : 581 398-8026<\\\/p><p>Courriel : <a href=\\\"mailto:saule.duchesneau@parevolvo.com\\\">saule.duchesneau@parevolvo.com<\\\/a><\\\/p>\",\"button_link_params_back\":\"|\",\"icon_type_back\":\"icon\",\"gallery_autoplay_back\":\"off\",\"gallery_hide_timer_back\":\"no\",\"type_map_back\":\"ROADMAP\",\"zoom_map_back\":\"7\",\"scrollwheel_map_back\":\"enable\",\"draggable_map_back\":\"enable\",\"action_param_back\":\"|\",\"tile_autoflip\":\"0\",\"flip_effect\":\"fadeIn\",\"background_color_back\":\"#222222\",\"text_color_back\":\"#ffffff\",\"link_color_back\":\"#ffffff\"}<\/script>\n\t<\/div>\n\n<\/div><!-- .tf-tile -->\t\t\t\t\t<div id=\"tf-tile-251-2\" class=\"tf-tile size-square-large fadeIn has-flip tile-type-front-text\" data-auto-flip=\"0\" data-in-effect=\"fadeIn\" data-out-effect=\"fadeOut\">\n\n\t<div class=\"tile-flip-box-wrap\"><div class=\"tile-flip-box\">\n\n\t\n\t\t\n\t\t<style>\n\t\t#tf-tile-251-2 .tile-front {\n\t\t\tbackground-image: url(\"https:\/\/parevolvo.com\/wp-content\/uploads\/2026\/01\/Francis-Pelletier-819x1024-819x1000.jpg\"); \t\t}\n\t\t#tf-tile-251-2 .tile-front a {\n\t\t\t\t\t}\n\t\t<\/style>\n\n\t\t<div class=\"tile-front tile-type-text ui default\">\n\t\t\t<div class=\"tile-inner\">\n\n\t\t\t\t\n\t\t\t\t\t\t\t\t\t\t<div class=\"tile-content\">\n\t\t\t\t\t\t\t\t\t\t\t<\/div><!-- .tile-content -->\n\n\t\t\t\t\n\t\t\t\t\n\t\t\t\t\n\t\t\t<\/div><!-- .tile-inner -->\n\n\t\t<\/div><!-- .tile-front -->\n\n\t\n\t\t\n\t\t<style>\n\t\t#tf-tile-251-2 .tile-back {\n\t\t\tbackground-color: rgba(34,34,34, 1); color: rgba(255,255,255, 1); \t\t}\n\t\t#tf-tile-251-2 .tile-back a {\n\t\t\tcolor: rgba(255,255,255, 1); \t\t}\n\t\t<\/style>\n\n\t\t<div class=\"tile-back tile-type-text ui default\">\n\t\t\t<div class=\"tile-inner\">\n\n\t\t\t\t\n\t\t\t\t\t\t\t\t\t\t<div class=\"tile-content\">\n\t\t\t\t\t\t<h6>Francis Pelletier<\/h6><p>Repr\u00e9sentante des ventes &#8211; Rive-Sud<\/p><p>T\u00e9l. : 418 833-1601 poste 1227<br \/>Cell : 418 564-2495<\/p><p>Courriel : <a href=\"mailto:francis.pelletier@parevolvo.com\">francis.pelletier@parevolvo.com<\/a><\/p>\t\t\t\t\t<\/div><!-- .tile-content -->\n\n\t\t\t\t\n\t\t\t\t\n\t\t\t\t\n\t\t\t<\/div><!-- .tile-inner -->\n\n\t\t<\/div><!-- .tile-back -->\n\n\t\n\t<\/div><!-- .tile-flip-box --><\/div><!-- .tile-flip-box-wrap -->\n\n\t<div class=\"tf-tile-data\">\n\t\t<script type=\"text\/json\">{\"size\":\"square-large\",\"type_front\":\"text\",\"color_front\":\"default\",\"button_link_params_front\":\"|\",\"icon_type_front\":\"image\",\"gallery_autoplay_front\":\"off\",\"gallery_hide_timer_front\":\"no\",\"type_map_front\":\"ROADMAP\",\"zoom_map_front\":\"7\",\"scrollwheel_map_front\":\"enable\",\"draggable_map_front\":\"enable\",\"action_param_front\":\"|\",\"background_image_front\":\"https:\\\/\\\/parevolvo.com\\\/wp-content\\\/uploads\\\/2026\\\/01\\\/Francis-Pelletier.jpg\",\"background_image_front_width\":\"1000\",\"background_image_front_height\":\"1000\",\"type_back\":\"text\",\"color_back\":\"default\",\"text_back\":\"<h6>Francis Pelletier<\\\/h6><p>Repr\\u00e9sentante des ventes - Rive-Sud<\\\/p><p>T\\u00e9l. : 418 833-1601 poste 1227<br \\\/>Cell : 418 564-2495<\\\/p><p>Courriel : <a href=\\\"mailto:francis.pelletier@parevolvo.com\\\">francis.pelletier@parevolvo.com<\\\/a><\\\/p>\",\"button_link_params_back\":\"|\",\"icon_type_back\":\"icon\",\"gallery_autoplay_back\":\"off\",\"gallery_hide_timer_back\":\"no\",\"type_map_back\":\"ROADMAP\",\"zoom_map_back\":\"7\",\"scrollwheel_map_back\":\"enable\",\"draggable_map_back\":\"enable\",\"action_param_back\":\"|\",\"tile_autoflip\":\"0\",\"flip_effect\":\"fadeIn\",\"background_color_back\":\"#222222\",\"text_color_back\":\"#ffffff\",\"link_color_back\":\"#ffffff\"}<\/script>\n\t<\/div>\n\n<\/div><!-- .tf-tile -->\t\t\t\t\t<div id=\"tf-tile-251-3\" class=\"tf-tile size-square-large fadeIn has-flip tile-type-front-text\" data-auto-flip=\"0\" data-in-effect=\"fadeIn\" data-out-effect=\"fadeOut\">\n\n\t<div class=\"tile-flip-box-wrap\"><div class=\"tile-flip-box\">\n\n\t\n\t\t\n\t\t<style>\n\t\t#tf-tile-251-3 .tile-front {\n\t\t\tbackground-image: url(\"https:\/\/parevolvo.com\/wp-content\/uploads\/2026\/01\/Antoine-Raby-819x1024-819x1000.jpg\"); \t\t}\n\t\t#tf-tile-251-3 .tile-front a {\n\t\t\t\t\t}\n\t\t<\/style>\n\n\t\t<div class=\"tile-front tile-type-text ui default\">\n\t\t\t<div class=\"tile-inner\">\n\n\t\t\t\t\n\t\t\t\t\t\t\t\t\t\t<div class=\"tile-content\">\n\t\t\t\t\t\t\t\t\t\t\t<\/div><!-- .tile-content -->\n\n\t\t\t\t\n\t\t\t\t\n\t\t\t\t\n\t\t\t<\/div><!-- .tile-inner -->\n\n\t\t<\/div><!-- .tile-front -->\n\n\t\n\t\t\n\t\t<style>\n\t\t#tf-tile-251-3 .tile-back {\n\t\t\tbackground-color: rgba(34,34,34, 1); color: rgba(255,255,255, 1); \t\t}\n\t\t#tf-tile-251-3 .tile-back a {\n\t\t\tcolor: rgba(255,255,255, 1); \t\t}\n\t\t<\/style>\n\n\t\t<div class=\"tile-back tile-type-text ui default\">\n\t\t\t<div class=\"tile-inner\">\n\n\t\t\t\t\n\t\t\t\t\t\t\t\t\t\t<div class=\"tile-content\">\n\t\t\t\t\t\t<h6>Antoine Raby<\/h6><p>Repr\u00e9sentant des ventes Volvo &#8211; Rive-Nord<\/p><p>T\u00e9l. : 418 833-1601 poste 3243<br \/>Cell : 367 321-7114<\/p><p>Courriel : <a href=\"mailto:antoine.raby@parevolvo.com\">antoine.raby@parevolvo.com<\/a><\/p>\t\t\t\t\t<\/div><!-- .tile-content -->\n\n\t\t\t\t\n\t\t\t\t\n\t\t\t\t\n\t\t\t<\/div><!-- .tile-inner -->\n\n\t\t<\/div><!-- .tile-back -->\n\n\t\n\t<\/div><!-- .tile-flip-box --><\/div><!-- .tile-flip-box-wrap -->\n\n\t<div class=\"tf-tile-data\">\n\t\t<script type=\"text\/json\">{\"size\":\"square-large\",\"type_front\":\"text\",\"color_front\":\"default\",\"button_link_params_front\":\"|\",\"icon_type_front\":\"image\",\"gallery_autoplay_front\":\"off\",\"gallery_hide_timer_front\":\"no\",\"type_map_front\":\"ROADMAP\",\"zoom_map_front\":\"7\",\"scrollwheel_map_front\":\"enable\",\"draggable_map_front\":\"enable\",\"action_param_front\":\"|\",\"background_image_front\":\"https:\\\/\\\/parevolvo.com\\\/wp-content\\\/uploads\\\/2026\\\/01\\\/Antoine-Raby.jpg\",\"background_image_front_width\":\"1000\",\"background_image_front_height\":\"1000\",\"type_back\":\"text\",\"color_back\":\"default\",\"text_back\":\"<h6>Antoine Raby<\\\/h6><p>Repr\\u00e9sentant des ventes Volvo - Rive-Nord<\\\/p><p>T\\u00e9l. : 418 833-1601 poste 3243<br \\\/>Cell : 367 321-7114<\\\/p><p>Courriel : <a href=\\\"mailto:antoine.raby@parevolvo.com\\\">antoine.raby@parevolvo.com<\\\/a><\\\/p>\",\"button_link_params_back\":\"|\",\"icon_type_back\":\"icon\",\"gallery_autoplay_back\":\"off\",\"gallery_hide_timer_back\":\"no\",\"type_map_back\":\"ROADMAP\",\"zoom_map_back\":\"7\",\"scrollwheel_map_back\":\"enable\",\"draggable_map_back\":\"enable\",\"action_param_back\":\"|\",\"tile_autoflip\":\"0\",\"flip_effect\":\"fadeIn\",\"background_color_back\":\"#222222\",\"text_color_back\":\"#ffffff\",\"link_color_back\":\"#ffffff\"}<\/script>\n\t<\/div>\n\n<\/div><!-- .tf-tile -->\t\t\t<\/div>\n<\/div>\n    <\/div>\n<\/div>\n<!-- \/module text -->        <\/div>\n                        <\/div>\n        <\/div>\n        <\/div>\n<!--\/themify_builder_content-->","protected":false},"excerpt":{"rendered":"<p>La polyvalence r\u00e9gionale \u2013 productivit\u00e9 sup\u00e9rieur S\u00e9rie VNR<\/p>","protected":false},"author":1,"featured_media":0,"parent":0,"menu_order":0,"comment_status":"closed","ping_status":"closed","template":"","meta":{"_acf_changed":false,"footnotes":""},"class_list":["post-26","page","type-page","status-publish","hentry","has-post-title","has-post-date","has-post-category","has-post-tag","has-post-comment","has-post-author",""],"acf":[],"yoast_head":"<!-- This site is optimized with the Yoast SEO plugin v26.6 - https:\/\/yoast.com\/wordpress\/plugins\/seo\/ -->\n<title>Volvo S\u00e9rie VNR - Par\u00e9 Centre du Camion<\/title>\n<meta name=\"robots\" content=\"index, follow, max-snippet:-1, max-image-preview:large, max-video-preview:-1\" \/>\n<link rel=\"canonical\" href=\"https:\/\/parevolvo.com\/english\/volvo-serie-vnr\/\" \/>\n<meta property=\"og:locale\" content=\"en_US\" \/>\n<meta property=\"og:type\" content=\"article\" \/>\n<meta property=\"og:title\" content=\"Volvo S\u00e9rie VNR - Par\u00e9 Centre du Camion\" \/>\n<meta property=\"og:description\" content=\"La polyvalence r\u00e9gionale \u2013 productivit\u00e9 sup\u00e9rieur S\u00e9rie VNR\" \/>\n<meta property=\"og:url\" content=\"https:\/\/parevolvo.com\/english\/volvo-serie-vnr\/\" \/>\n<meta property=\"og:site_name\" content=\"Par\u00e9 Centre du Camion\" \/>\n<meta property=\"article:publisher\" content=\"https:\/\/www.facebook.com\/pare.volvoisuzu\" \/>\n<meta property=\"article:modified_time\" content=\"2025-02-14T20:10:20+00:00\" \/>\n<meta property=\"og:image\" content=\"http:\/\/parevolvo.com\/wp-content\/uploads\/2020\/04\/VNR-300.jpg\" \/>\n<meta name=\"twitter:card\" content=\"summary_large_image\" \/>\n<meta name=\"twitter:label1\" content=\"Est. reading time\" \/>\n\t<meta name=\"twitter:data1\" content=\"6 minutes\" \/>\n<script type=\"application\/ld+json\" class=\"yoast-schema-graph\">{\"@context\":\"https:\/\/schema.org\",\"@graph\":[{\"@type\":\"WebPage\",\"@id\":\"https:\/\/parevolvo.com\/volvo-serie-vnr\/\",\"url\":\"https:\/\/parevolvo.com\/volvo-serie-vnr\/\",\"name\":\"Volvo S\u00e9rie VNR - Par\u00e9 Centre du Camion\",\"isPartOf\":{\"@id\":\"https:\/\/parevolvo.com\/francais\/#website\"},\"primaryImageOfPage\":{\"@id\":\"https:\/\/parevolvo.com\/volvo-serie-vnr\/#primaryimage\"},\"image\":{\"@id\":\"https:\/\/parevolvo.com\/volvo-serie-vnr\/#primaryimage\"},\"thumbnailUrl\":\"http:\/\/parevolvo.com\/wp-content\/uploads\/2020\/04\/VNR-300.jpg\",\"datePublished\":\"2020-03-18T15:07:54+00:00\",\"dateModified\":\"2025-02-14T20:10:20+00:00\",\"breadcrumb\":{\"@id\":\"https:\/\/parevolvo.com\/volvo-serie-vnr\/#breadcrumb\"},\"inLanguage\":\"en-CA\",\"potentialAction\":[{\"@type\":\"ReadAction\",\"target\":[\"https:\/\/parevolvo.com\/volvo-serie-vnr\/\"]}]},{\"@type\":\"ImageObject\",\"inLanguage\":\"en-CA\",\"@id\":\"https:\/\/parevolvo.com\/volvo-serie-vnr\/#primaryimage\",\"url\":\"http:\/\/parevolvo.com\/wp-content\/uploads\/2020\/04\/VNR-300.jpg\",\"contentUrl\":\"http:\/\/parevolvo.com\/wp-content\/uploads\/2020\/04\/VNR-300.jpg\"},{\"@type\":\"BreadcrumbList\",\"@id\":\"https:\/\/parevolvo.com\/volvo-serie-vnr\/#breadcrumb\",\"itemListElement\":[{\"@type\":\"ListItem\",\"position\":1,\"name\":\"Accueil\",\"item\":\"https:\/\/parevolvo.com\/fr\/\"},{\"@type\":\"ListItem\",\"position\":2,\"name\":\"Volvo S\u00e9rie VNR\"}]},{\"@type\":\"WebSite\",\"@id\":\"https:\/\/parevolvo.com\/francais\/#website\",\"url\":\"https:\/\/parevolvo.com\/francais\/\",\"name\":\"Par\u00e9 Centre du Camion\",\"description\":\"1 888 833-5388\",\"publisher\":{\"@id\":\"https:\/\/parevolvo.com\/francais\/#organization\"},\"potentialAction\":[{\"@type\":\"SearchAction\",\"target\":{\"@type\":\"EntryPoint\",\"urlTemplate\":\"https:\/\/parevolvo.com\/francais\/?s={search_term_string}\"},\"query-input\":{\"@type\":\"PropertyValueSpecification\",\"valueRequired\":true,\"valueName\":\"search_term_string\"}}],\"inLanguage\":\"en-CA\"},{\"@type\":\"Organization\",\"@id\":\"https:\/\/parevolvo.com\/francais\/#organization\",\"name\":\"Par\u00e9 Centre du Camion\",\"url\":\"https:\/\/parevolvo.com\/francais\/\",\"logo\":{\"@type\":\"ImageObject\",\"inLanguage\":\"en-CA\",\"@id\":\"https:\/\/parevolvo.com\/francais\/#\/schema\/logo\/image\/\",\"url\":\"https:\/\/parevolvo.com\/wp-content\/uploads\/2022\/04\/Logo-Pare-Header-e1651006453327.png\",\"contentUrl\":\"https:\/\/parevolvo.com\/wp-content\/uploads\/2022\/04\/Logo-Pare-Header-e1651006453327.png\",\"width\":250,\"height\":135,\"caption\":\"Par\u00e9 Centre du Camion\"},\"image\":{\"@id\":\"https:\/\/parevolvo.com\/francais\/#\/schema\/logo\/image\/\"},\"sameAs\":[\"https:\/\/www.facebook.com\/pare.volvoisuzu\"]}]}<\/script>\n<!-- \/ Yoast SEO plugin. -->","yoast_head_json":{"title":"Volvo S\u00e9rie VNR - Par\u00e9 Centre du Camion","robots":{"index":"index","follow":"follow","max-snippet":"max-snippet:-1","max-image-preview":"max-image-preview:large","max-video-preview":"max-video-preview:-1"},"canonical":"https:\/\/parevolvo.com\/english\/volvo-serie-vnr\/","og_locale":"en_US","og_type":"article","og_title":"Volvo S\u00e9rie VNR - Par\u00e9 Centre du Camion","og_description":"La polyvalence r\u00e9gionale \u2013 productivit\u00e9 sup\u00e9rieur S\u00e9rie VNR","og_url":"https:\/\/parevolvo.com\/english\/volvo-serie-vnr\/","og_site_name":"Par\u00e9 Centre du Camion","article_publisher":"https:\/\/www.facebook.com\/pare.volvoisuzu","article_modified_time":"2025-02-14T20:10:20+00:00","og_image":[{"url":"http:\/\/parevolvo.com\/wp-content\/uploads\/2020\/04\/VNR-300.jpg","type":"","width":"","height":""}],"twitter_card":"summary_large_image","twitter_misc":{"Est. reading time":"6 minutes"},"schema":{"@context":"https:\/\/schema.org","@graph":[{"@type":"WebPage","@id":"https:\/\/parevolvo.com\/volvo-serie-vnr\/","url":"https:\/\/parevolvo.com\/volvo-serie-vnr\/","name":"Volvo S\u00e9rie VNR - Par\u00e9 Centre du Camion","isPartOf":{"@id":"https:\/\/parevolvo.com\/francais\/#website"},"primaryImageOfPage":{"@id":"https:\/\/parevolvo.com\/volvo-serie-vnr\/#primaryimage"},"image":{"@id":"https:\/\/parevolvo.com\/volvo-serie-vnr\/#primaryimage"},"thumbnailUrl":"http:\/\/parevolvo.com\/wp-content\/uploads\/2020\/04\/VNR-300.jpg","datePublished":"2020-03-18T15:07:54+00:00","dateModified":"2025-02-14T20:10:20+00:00","breadcrumb":{"@id":"https:\/\/parevolvo.com\/volvo-serie-vnr\/#breadcrumb"},"inLanguage":"en-CA","potentialAction":[{"@type":"ReadAction","target":["https:\/\/parevolvo.com\/volvo-serie-vnr\/"]}]},{"@type":"ImageObject","inLanguage":"en-CA","@id":"https:\/\/parevolvo.com\/volvo-serie-vnr\/#primaryimage","url":"http:\/\/parevolvo.com\/wp-content\/uploads\/2020\/04\/VNR-300.jpg","contentUrl":"http:\/\/parevolvo.com\/wp-content\/uploads\/2020\/04\/VNR-300.jpg"},{"@type":"BreadcrumbList","@id":"https:\/\/parevolvo.com\/volvo-serie-vnr\/#breadcrumb","itemListElement":[{"@type":"ListItem","position":1,"name":"Accueil","item":"https:\/\/parevolvo.com\/fr\/"},{"@type":"ListItem","position":2,"name":"Volvo S\u00e9rie VNR"}]},{"@type":"WebSite","@id":"https:\/\/parevolvo.com\/francais\/#website","url":"https:\/\/parevolvo.com\/francais\/","name":"Par\u00e9 Centre du Camion","description":"1 888 833-5388","publisher":{"@id":"https:\/\/parevolvo.com\/francais\/#organization"},"potentialAction":[{"@type":"SearchAction","target":{"@type":"EntryPoint","urlTemplate":"https:\/\/parevolvo.com\/francais\/?s={search_term_string}"},"query-input":{"@type":"PropertyValueSpecification","valueRequired":true,"valueName":"search_term_string"}}],"inLanguage":"en-CA"},{"@type":"Organization","@id":"https:\/\/parevolvo.com\/francais\/#organization","name":"Par\u00e9 Centre du Camion","url":"https:\/\/parevolvo.com\/francais\/","logo":{"@type":"ImageObject","inLanguage":"en-CA","@id":"https:\/\/parevolvo.com\/francais\/#\/schema\/logo\/image\/","url":"https:\/\/parevolvo.com\/wp-content\/uploads\/2022\/04\/Logo-Pare-Header-e1651006453327.png","contentUrl":"https:\/\/parevolvo.com\/wp-content\/uploads\/2022\/04\/Logo-Pare-Header-e1651006453327.png","width":250,"height":135,"caption":"Par\u00e9 Centre du Camion"},"image":{"@id":"https:\/\/parevolvo.com\/francais\/#\/schema\/logo\/image\/"},"sameAs":["https:\/\/www.facebook.com\/pare.volvoisuzu"]}]}},"jetpack_sharing_enabled":true,"builder_content":"<h1 style=\"text-align: center;\">La polyvalence r\u00e9gionale \u2013 productivit\u00e9 sup\u00e9rieur<\/h1> <h1 style=\"text-align: center;\">S\u00e9rie VNR<\/h1>\n<h4><strong>Le camion Volvo le plus polyvalent \u00e0 ce jour<\/strong><\/h4> <p>Le Volvo VNR repr\u00e9sente l'avenir du transport r\u00e9gional. Ce camion ne fait pas de compromis, offrant productivit\u00e9 et efficacit\u00e9 avec des \u00e9quipements de qualit\u00e9 et longue distance.<\/p>\n<h5><strong>Explorez la s\u00e9rie VNR<\/strong><\/h5> <p>Le nouveau Volvo VNR pr\u00e9sente un nouvel ext\u00e9rieur spectaculaire qu'il est impossible d'ignorer. Les contours distinctifs am\u00e9liorent le flux d'air, tandis que l'\u00e9clairage LED \u00e0 la pointe de la technologie am\u00e9liore la visibilit\u00e9 et r\u00e9duit la maintenance. \u00c0 l'int\u00e9rieur, les si\u00e8ges ont \u00e9t\u00e9 optimis\u00e9s pour \u00eatre encore plus ergonomiques, tandis qu'un nouveau tableau de bord et un nouveau volant permettent au conducteur de contr\u00f4ler et d'informer efficacement, en minimisant les distractions.<\/p>\n<a href=\"https:\/\/www.volvotrucks.ca\/fr-ca\/trucks\/vnr\/\" data-zoom-config=\"80%|px\"> <img src=\"http:\/\/parevolvo.com\/wp-content\/uploads\/2020\/04\/VNR-300.jpg\" width=\"1016\" height=\"470\" title=\"Volvo S\u00e9rie VNR\" alt=\"Volvo S\u00e9rie VNR\"> <\/a>\n<h5 style=\"text-align: center;\">VNR 300<\/h5> <p>Le taxi du VNR 300 apporte un raffinement pr\u00e9cis de l\u2019environnement de conduite \u00e0 un daycab l\u00e9ger et efficace. L\u2019int\u00e9rieur de la cabine est soigneusement am\u00e9nag\u00e9 pour que les conducteurs de routes quotidiennes soient productifs, confortables et heureux.<\/p>\n<a href=\"https:\/\/www.volvotrucks.ca\/fr-ca\/trucks\/vnr\/\" target=\"_blank\" rel=\"nofollow noopener\"> En savoir plus <\/a>\n<img src=\"http:\/\/parevolvo.com\/wp-content\/uploads\/2020\/04\/VNR-400.jpg\" width=\"1016\" height=\"470\" title=\"Volvo S\u00e9rie VNR\" alt=\"Volvo S\u00e9rie VNR\">\n<h5 style=\"text-align: center;\">VNR 400<\/h5> <p>Avec une traverse \u00e0 toit plat de 42 pouces, le VNR 400 est bien adapt\u00e9 aux applications de transport en vrac r\u00e9gional durant la nuit o\u00f9 la hauteur totale est un facteur \u00e0 prendre en compte. En empaquetant une traverse efficace dans une \u00abBBC\u00bb compacte, Le VNR 400 garantit une manoeuvrabilit\u00e9 maximale pour les sites de chargement charg\u00e9 ou les livraisons industrielles.<\/p>\n<a href=\"https:\/\/www.volvotrucks.ca\/fr-ca\/trucks\/vnr\/\" target=\"_blank\" rel=\"nofollow noopener\"> En savoir plus <\/a>\n<img src=\"http:\/\/parevolvo.com\/wp-content\/uploads\/2020\/04\/VNR-640.jpg\" width=\"1016\" height=\"470\" title=\"Volvo S\u00e9rie VNR\" alt=\"Volvo S\u00e9rie VNR\">\n<h6 style=\"text-align: center;\">VNR 640<\/h6> <p>Lorsque les arr\u00eats \u00e0 la maison sont moins nombreux et plus \u00e9loign\u00e9s sur vos itin\u00e9raires r\u00e9gionaux, la couchette de mi-toit de 61 pouces VNR640 offre plus de places pour les formalit\u00e9s administratives ou la d\u00e9tente et un grand espace de rangement pour organiser votre espace de vie. Et avec une courte \u00abBBC\u00bb, le VNR conserve toujours une excellente maniabilit\u00e9.<\/p>\n<a href=\"https:\/\/www.volvotrucks.ca\/fr-ca\/trucks\/vnr\/\" target=\"_blank\" rel=\"nofollow noopener\"> En savoir plus <\/a>\n<h3>De vrais repr\u00e9sentants d\u2019exp\u00e9rience<\/h3> <p>\u00a0<\/p> <p>Nos repr\u00e9sentants des ventes vous accueillent dans le confort de nos bureaux ou se d\u00e9placent afin de vous rencontrer \u00e0 votre bureau. Leurs grandes exp\u00e9riences du domaine du camionnage et du transport leurs permettent de bien comprendre vos exigences. Ils prennent le temps de bien analyser vos besoins et vous proposent le camion tracteur qui vous convient vraiment, et ce, sans compromis sur le confort, l\u2019ergonomie, la polyvalence et la puissance dont vous avez besoin.<\/p>\n<p>[themify_tiles group=\"251\"]<\/p>","_links":{"self":[{"href":"https:\/\/parevolvo.com\/english\/wp-json\/wp\/v2\/pages\/26","targetHints":{"allow":["GET"]}}],"collection":[{"href":"https:\/\/parevolvo.com\/english\/wp-json\/wp\/v2\/pages"}],"about":[{"href":"https:\/\/parevolvo.com\/english\/wp-json\/wp\/v2\/types\/page"}],"author":[{"embeddable":true,"href":"https:\/\/parevolvo.com\/english\/wp-json\/wp\/v2\/users\/1"}],"replies":[{"embeddable":true,"href":"https:\/\/parevolvo.com\/english\/wp-json\/wp\/v2\/comments?post=26"}],"version-history":[{"count":81,"href":"https:\/\/parevolvo.com\/english\/wp-json\/wp\/v2\/pages\/26\/revisions"}],"predecessor-version":[{"id":4979,"href":"https:\/\/parevolvo.com\/english\/wp-json\/wp\/v2\/pages\/26\/revisions\/4979"}],"wp:attachment":[{"href":"https:\/\/parevolvo.com\/english\/wp-json\/wp\/v2\/media?parent=26"}],"curies":[{"name":"wp","href":"https:\/\/api.w.org\/{rel}","templated":true}]}}