{"id":30,"date":"2020-03-18T11:08:36","date_gmt":"2020-03-18T15:08:36","guid":{"rendered":"https:\/\/parevolvo.com\/?page_id=30"},"modified":"2021-06-03T10:50:48","modified_gmt":"2021-06-03T14:50:48","slug":"volvo-serie-vnx","status":"publish","type":"page","link":"http:\/\/parevolvo.com\/english\/volvo-serie-vnx\/","title":{"rendered":"Volvo S\u00e9rie VNX"},"content":{"rendered":"<!--themify_builder_content-->\n<div id=\"themify_builder_content-30\" data-postid=\"30\" class=\"themify_builder_content themify_builder_content-30 themify_builder tf_clear\">\n                    <div  data-parallax-bg=\"desktop\" data-css_id=\"rl04361\" data-lazy=\"1\" class=\"module_row themify_builder_row fullwidth tb_rl04361 tb_first tf_w\">\n                        <div class=\"row_inner col_align_top tb_col_count_1 tf_box tf_rel\">\n                        <div  data-lazy=\"1\" class=\"module_column tb-column col-full tb_ef45361 first\">\n                    <!-- module text -->\n<div  class=\"module module-text tb_lug3362\" data-lazy=\"1\">\n        <div  class=\"tb_text_wrap\">\n        <h1 style=\"text-align: center;\">\u00c9tablir la norme pour le chargement lourd<\/h1>\n<h1 style=\"text-align: center;\">S\u00e9rie VNX<\/h1>    <\/div>\n<\/div>\n<!-- \/module text -->        <\/div>\n                        <\/div>\n        <\/div>\n                        <div  data-lazy=\"1\" class=\"module_row themify_builder_row tb_tj5z880 tf_w\">\n                        <div class=\"row_inner col_align_top tb_col_count_1 tf_box tf_rel\">\n                        <div  data-lazy=\"1\" class=\"module_column tb-column col-full tb_cmig880 first\">\n                    <!-- module text -->\n<div  class=\"module module-text tb_8945880\" data-lazy=\"1\">\n        <div  class=\"tb_text_wrap\">\n        <h4><strong>Le camion Volvo pour le chargement lourd<br \/><\/strong><\/h4>\n<p>Le Volvo VNX est sp\u00e9cialement con\u00e7ue pour r\u00e9pondre aux besoins des entreprises de camionnage lourd. Disponible avec une puissance maximale de 605 ch et un couple de 2 050 lb-pi, le VNX fournit la puissance et les performances requises pour les applications de transport lourd telles que l&rsquo;exploitation foresti\u00e8re, le transport de machineries lourdes et les v\u00e9hicules combin\u00e9s longs.<\/p>    <\/div>\n<\/div>\n<!-- \/module text -->        <\/div>\n                        <\/div>\n        <\/div>\n                        <div  data-desktop-padding=\"15%,15%\" data-css_id=\"y58x575\" data-lazy=\"1\" class=\"module_row themify_builder_row fullwidth_row_container tb_y58x575 tf_w\">\n                        <div class=\"row_inner col_align_top tb_col_count_1 tf_box tf_rel\">\n                        <div  data-lazy=\"1\" class=\"module_column tb-column col-full tb_bavw576 first\">\n                    <!-- module text -->\n<div  class=\"module module-text tb_x416577\" data-lazy=\"1\">\n        <div  class=\"tb_text_wrap\">\n        <h5><strong>Explorez la s\u00e9rie VNX<\/strong><\/h5>\n<p>\u00c0 l&rsquo;ext\u00e9rieur, ils sont aussi robustes et forts. Les poids nominaux combin\u00e9s approuv\u00e9s (PNBW) vont de 125 000 \u00e0 160 000 livres. Des cotes pouvant aller jusqu&rsquo;\u00e0 225 000 livres sont disponibles avec l&rsquo;approbation de l&rsquo;application et les composants appropri\u00e9s. Les essieux directeurs en option, les essieux relevables, les essieux moteurs tridem et les glissi\u00e8res \u00e0 sellette plus longues vous permettent de r\u00e9pondre \u00e0 une grande vari\u00e9t\u00e9 d&rsquo;exigences en mati\u00e8re de r\u00e9partition du poids. \u00c0 l&rsquo;int\u00e9rieur, le VNX est construit pour le confort. Les si\u00e8ges ont \u00e9t\u00e9 optimis\u00e9s de mani\u00e8re organique, tandis que le tableau de bord et le volant permettent au conducteur de contr\u00f4ler et d&rsquo;informer efficacement<\/p>    <\/div>\n<\/div>\n<!-- \/module text -->        <\/div>\n                        <\/div>\n        <\/div>\n                        <div  data-lazy=\"1\" class=\"module_row themify_builder_row tb_4z1a466 tf_w\">\n                        <div class=\"row_inner col_align_top tb_col_count_3 tf_box tf_rel\">\n                        <div  data-lazy=\"1\" class=\"module_column tb-column col3-1 tb_ncwr466 first\">\n                    <!-- module image -->\n<div  class=\"module module-image tb_9mi1467 image-top   auto_fullwidth tf_mw\" data-lazy=\"1\">\n        <div class=\"image-wrap tf_rel tf_mw\">\n            <a href=\"https:\/\/www.volvotrucks.ca\/fr-ca\/trucks\/vnr\/\" class=\"lightbox-builder themify_lightbox\" data-zoom-config=\"80%|px\">\n                   <img loading=\"lazy\" decoding=\"async\" src=\"http:\/\/parevolvo.com\/wp-content\/uploads\/2020\/04\/VNX-300.jpg\" width=\"1016\" height=\"470\" title=\"Volvo S\u00e9rie VNX\" alt=\"Volvo S\u00e9rie VNX\">        <\/a>\n    \n        <\/div>\n    <!-- \/image-wrap -->\n    \n        <\/div>\n<!-- \/module image --><!-- module text -->\n<div  class=\"module module-text tb_ifh5467\" data-lazy=\"1\">\n        <div  class=\"tb_text_wrap\">\n        <h5 style=\"text-align: center;\">VNX 300<\/h5>\n<p>Le VNX 300 ce daycab fournit du muscle et de la maniabilit\u00e9 pour les applications locales de transport lourd. Les longueurs de cadre personnalis\u00e9es sont disponibles avec l\u2019option de configuration d\u2019essieu tandem 6&#215;4, 8&#215;4 tandem ou 8&#215;6 essieux tridirectionnels. Cette daycab a du pouvoir \u00e0 revendre et peut supporter jusqu\u2019\u00e0 160 000 lb de poids \u00e0 la charge.<\/p>    <\/div>\n<\/div>\n<!-- \/module text --><!-- module buttons -->\n<div  class=\"module module-buttons tb_ijue467 buttons-horizontal solid  circle\" data-lazy=\"1\">\n        <div class=\"module-buttons-item tf_in_flx\">\n                        <a href=\"https:\/\/www.volvotrucks.ca\/fr-ca\/trucks\/vnx\/\" class=\"ui builder_button tf_in_flx gray\" target=\"_blank\" rel=\"nofollow noopener\">\n                                                En savoir plus                                        <\/a>\n                <\/div>\n            <\/div>\n<!-- \/module buttons -->\n        <\/div>\n                    <div  data-lazy=\"1\" class=\"module_column tb-column col3-1 tb_5j9q467\">\n                    <!-- module image -->\n<div  class=\"module module-image tb_8150468 image-top   auto_fullwidth tf_mw\" data-lazy=\"1\">\n        <div class=\"image-wrap tf_rel tf_mw\">\n            <img loading=\"lazy\" decoding=\"async\" src=\"http:\/\/parevolvo.com\/wp-content\/uploads\/2020\/04\/VNX-400.jpg\" width=\"1016\" height=\"470\" title=\"Volvo S\u00e9rie VNX\" alt=\"Volvo S\u00e9rie VNX\">    \n        <\/div>\n    <!-- \/image-wrap -->\n    \n        <\/div>\n<!-- \/module image --><!-- module text -->\n<div  class=\"module module-text tb_6v57468\" data-lazy=\"1\">\n        <div  class=\"tb_text_wrap\">\n        <h5 style=\"text-align: center;\">VNX 400<\/h5>\n<p>Le VNX 400 \u00e0 toit plat et lit de 42\u00a0pouces est con\u00e7u pour offrir une flexibilit\u00e9 maximale sur les parcours r\u00e9gionaux de transport lourd. La zone de la couchette comprend un matelas Volvo de 36\u00a0pouces de qualit\u00e9 sup\u00e9rieure pour rendre les nuit\u00e9es occasionnelles plus confortables.<\/p>    <\/div>\n<\/div>\n<!-- \/module text --><!-- module buttons -->\n<div  class=\"module module-buttons tb_u6v9468 buttons-horizontal solid  circle\" data-lazy=\"1\">\n        <div class=\"module-buttons-item tf_in_flx\">\n                        <a href=\"https:\/\/www.volvotrucks.ca\/fr-ca\/trucks\/vnx\/\" class=\"ui builder_button tf_in_flx gray\" target=\"_blank\" rel=\"nofollow noopener\">\n                                                En savoir plus                                        <\/a>\n                <\/div>\n            <\/div>\n<!-- \/module buttons -->\n        <\/div>\n                    <div  data-lazy=\"1\" class=\"module_column tb-column col3-1 tb_027h468 last\">\n                    <!-- module image -->\n<div  class=\"module module-image tb_u39h468 image-top   auto_fullwidth tf_mw\" data-lazy=\"1\">\n        <div class=\"image-wrap tf_rel tf_mw\">\n            <img loading=\"lazy\" decoding=\"async\" src=\"http:\/\/parevolvo.com\/wp-content\/uploads\/2020\/04\/VNX-740.jpg\" width=\"1016\" height=\"470\" title=\"Volvo S\u00e9rie VNX\" alt=\"Volvo S\u00e9rie VNX\">    \n        <\/div>\n    <!-- \/image-wrap -->\n    \n        <\/div>\n<!-- \/module image --><!-- module text -->\n<div  class=\"module module-text tb_t98h469\" data-lazy=\"1\">\n        <div  class=\"tb_text_wrap\">\n        <h6 style=\"text-align: center;\">VNX 740<\/h6>\n<p>Le VNX 740 MID-ROOF, la spacieuse couchette de 70 pouces comprend toutes les derni\u00e8res am\u00e9liorations apport\u00e9es \u00e0 l\u2019int\u00e9rieur de Volvo, y compris notre matelas inclinable de taille normal. Associ\u00e9 \u00e0 nos options de groupe motopropulseur \u00e0 couple \u00e9lev\u00e9 et \u00e0 haute efficacit\u00e9, le VNX 740 est l\u2019outil id\u00e9al pour les trajets lourds sur de longues distances.<\/p>    <\/div>\n<\/div>\n<!-- \/module text --><!-- module buttons -->\n<div  class=\"module module-buttons tb_8wqx469 buttons-horizontal solid  circle\" data-lazy=\"1\">\n        <div class=\"module-buttons-item tf_in_flx\">\n                        <a href=\"https:\/\/www.volvotrucks.ca\/fr-ca\/trucks\/vnx\/\" class=\"ui builder_button tf_in_flx gray\" target=\"_blank\" rel=\"nofollow noopener\">\n                                                En savoir plus                                        <\/a>\n                <\/div>\n            <\/div>\n<!-- \/module buttons -->\n        <\/div>\n                        <\/div>\n        <\/div>\n                        <div  data-lazy=\"1\" class=\"module_row themify_builder_row tb_mwnq3 tf_w\">\n                        <div class=\"row_inner col_align_top tb_col_count_2 tf_box tf_rel\">\n                        <div  data-lazy=\"1\" class=\"module_column tb-column col4-2 tb_362x3 first\">\n                    <!-- module text -->\n<div  class=\"module module-text tb_8qy53\" data-lazy=\"1\">\n        <div  class=\"tb_text_wrap\">\n        <h3>De vrai repr\u00e9sentant d\u2019exp\u00e9rience<\/h3>\n<p>\u00a0<\/p>\n<p>Nos repr\u00e9sentants des ventes vous accueillent dans le confort de nos bureaux ou se d\u00e9placent afin de vous rencontrer \u00e0 votre bureau. Leurs grandes exp\u00e9riences du domaine du camionnage et du transport leurs permettent de bien comprendre vos exigences. Ils prennent le temps de bien analyser vos besoins et vous proposent le camion tracteur qui vous convient vraiment, et ce, sans compromis sur le confort, l\u2019ergonomie, la polyvalence et la puissance dont vous avez besoin.<\/p>    <\/div>\n<\/div>\n<!-- \/module text -->        <\/div>\n                    <div  data-lazy=\"1\" class=\"module_column tb-column col4-2 tb_t2dy3 last\">\n                    <!-- module text -->\n<div  class=\"module module-text tb_4zq43\" data-lazy=\"1\">\n        <div  class=\"tb_text_wrap\">\n        \n<div id=\"tf-tiles-251\" class=\"tf-tiles fluid-tiles\" data-post_id=\"251\">\n\n\t<div class=\"tf-tiles-wrap\" data-base_size=\"16\" data-tiles_per_row=\"6\">\n\t\t\t\t\t<div id=\"tf-tile-251-0\" class=\"tf-tile size-square-large fadeIn has-flip tile-type-front-text\" data-auto-flip=\"0\" data-in-effect=\"fadeIn\" data-out-effect=\"fadeOut\">\n\n\t<div class=\"tile-flip-box-wrap\"><div class=\"tile-flip-box\">\n\n\t\n\t\t\n\t\t<style>\n\t\t#tf-tile-251-0 .tile-front {\n\t\t\tbackground-image: url(\"https:\/\/parevolvo.com\/wp-content\/uploads\/2026\/01\/Charles-Turgeon-819x1024-819x1000.jpg\"); \t\t}\n\t\t#tf-tile-251-0 .tile-front a {\n\t\t\t\t\t}\n\t\t<\/style>\n\n\t\t<div class=\"tile-front tile-type-text ui default\">\n\t\t\t<div class=\"tile-inner\">\n\n\t\t\t\t\n\t\t\t\t\t\t\t\t\t\t<div class=\"tile-content\">\n\t\t\t\t\t\t\t\t\t\t\t<\/div><!-- .tile-content -->\n\n\t\t\t\t\n\t\t\t\t\n\t\t\t\t\n\t\t\t<\/div><!-- .tile-inner -->\n\n\t\t<\/div><!-- .tile-front -->\n\n\t\n\t\t\n\t\t<style>\n\t\t#tf-tile-251-0 .tile-back {\n\t\t\tbackground-color: rgba(34,34,34, 1); color: rgba(255,255,255, 1); \t\t}\n\t\t#tf-tile-251-0 .tile-back a {\n\t\t\tcolor: rgba(255,255,255, 1); \t\t}\n\t\t<\/style>\n\n\t\t<div class=\"tile-back tile-type-text ui default\">\n\t\t\t<div class=\"tile-inner\">\n\n\t\t\t\t\n\t\t\t\t\t\t\t\t\t\t<div class=\"tile-content\">\n\t\t\t\t\t\t<h6>Charles Turgeon<\/h6><p>Directeur des ventes Volvo<\/p><p>T\u00e9l. : 418 833-5333 poste 3229<br \/>Cell : 418 906-6022<\/p><p>Courriel : <a href=\"mailto:charles.turgeon@parevolvo.com\">charles.turgeon@parevolvo.com<\/a><\/p>\t\t\t\t\t<\/div><!-- .tile-content -->\n\n\t\t\t\t\n\t\t\t\t\n\t\t\t\t\n\t\t\t<\/div><!-- .tile-inner -->\n\n\t\t<\/div><!-- .tile-back -->\n\n\t\n\t<\/div><!-- .tile-flip-box --><\/div><!-- .tile-flip-box-wrap -->\n\n\t<div class=\"tf-tile-data\">\n\t\t<script type=\"text\/json\">{\"size\":\"square-large\",\"type_front\":\"text\",\"color_front\":\"default\",\"button_link_params_front\":\"|\",\"icon_type_front\":\"image\",\"gallery_autoplay_front\":\"off\",\"gallery_hide_timer_front\":\"no\",\"type_map_front\":\"ROADMAP\",\"zoom_map_front\":\"7\",\"scrollwheel_map_front\":\"enable\",\"draggable_map_front\":\"enable\",\"action_param_front\":\"|\",\"background_image_front\":\"https:\\\/\\\/parevolvo.com\\\/wp-content\\\/uploads\\\/2026\\\/01\\\/Charles-Turgeon.jpg\",\"background_image_front_width\":\"1000\",\"background_image_front_height\":\"1000\",\"type_back\":\"text\",\"color_back\":\"default\",\"text_back\":\"<h6>Charles Turgeon<\\\/h6><p>Directeur des ventes Volvo<\\\/p><p>T\\u00e9l. : 418 833-5333 poste 3229<br \\\/>Cell : 418 906-6022<\\\/p><p>Courriel : <a href=\\\"mailto:charles.turgeon@parevolvo.com\\\">charles.turgeon@parevolvo.com<\\\/a><\\\/p>\",\"button_link_params_back\":\"|\",\"icon_type_back\":\"icon\",\"gallery_autoplay_back\":\"off\",\"gallery_hide_timer_back\":\"no\",\"type_map_back\":\"ROADMAP\",\"zoom_map_back\":\"7\",\"scrollwheel_map_back\":\"enable\",\"draggable_map_back\":\"enable\",\"action_param_back\":\"|\",\"tile_autoflip\":\"0\",\"flip_effect\":\"fadeIn\",\"background_color_back\":\"#222222\",\"text_color_back\":\"#ffffff\",\"link_color_back\":\"#ffffff\"}<\/script>\n\t<\/div>\n\n<\/div><!-- .tf-tile -->\t\t\t\t\t<div id=\"tf-tile-251-1\" class=\"tf-tile size-square-large fadeIn has-flip tile-type-front-text\" data-auto-flip=\"0\" data-in-effect=\"fadeIn\" data-out-effect=\"fadeOut\">\n\n\t<div class=\"tile-flip-box-wrap\"><div class=\"tile-flip-box\">\n\n\t\n\t\t\n\t\t<style>\n\t\t#tf-tile-251-1 .tile-front {\n\t\t\tbackground-image: url(\"https:\/\/parevolvo.com\/wp-content\/uploads\/2026\/01\/Saule-Duchesneau-819x1024-819x1000.jpg\"); \t\t}\n\t\t#tf-tile-251-1 .tile-front a {\n\t\t\t\t\t}\n\t\t<\/style>\n\n\t\t<div class=\"tile-front tile-type-text ui default\">\n\t\t\t<div class=\"tile-inner\">\n\n\t\t\t\t\n\t\t\t\t\t\t\t\t\t\t<div class=\"tile-content\">\n\t\t\t\t\t\t\t\t\t\t\t<\/div><!-- .tile-content -->\n\n\t\t\t\t\n\t\t\t\t\n\t\t\t\t\n\t\t\t<\/div><!-- .tile-inner -->\n\n\t\t<\/div><!-- .tile-front -->\n\n\t\n\t\t\n\t\t<style>\n\t\t#tf-tile-251-1 .tile-back {\n\t\t\tbackground-color: rgba(34,34,34, 1); color: rgba(255,255,255, 1); \t\t}\n\t\t#tf-tile-251-1 .tile-back a {\n\t\t\tcolor: rgba(255,255,255, 1); \t\t}\n\t\t<\/style>\n\n\t\t<div class=\"tile-back tile-type-text ui default\">\n\t\t\t<div class=\"tile-inner\">\n\n\t\t\t\t\n\t\t\t\t\t\t\t\t\t\t<div class=\"tile-content\">\n\t\t\t\t\t\t<h6>Saule Duchesneau<\/h6><p>Repr\u00e9sentant des ventes Volvo &#8211; Rive-Sud<\/p><p>T\u00e9l. : 418 833-5333 poste 3241<br \/>Cell : 581 398-8026<\/p><p>Courriel : <a href=\"mailto:saule.duchesneau@parevolvo.com\">saule.duchesneau@parevolvo.com<\/a><\/p>\t\t\t\t\t<\/div><!-- .tile-content -->\n\n\t\t\t\t\n\t\t\t\t\n\t\t\t\t\n\t\t\t<\/div><!-- .tile-inner -->\n\n\t\t<\/div><!-- .tile-back -->\n\n\t\n\t<\/div><!-- .tile-flip-box --><\/div><!-- .tile-flip-box-wrap -->\n\n\t<div class=\"tf-tile-data\">\n\t\t<script type=\"text\/json\">{\"size\":\"square-large\",\"type_front\":\"text\",\"color_front\":\"default\",\"button_link_params_front\":\"|\",\"icon_type_front\":\"image\",\"gallery_autoplay_front\":\"off\",\"gallery_hide_timer_front\":\"no\",\"type_map_front\":\"ROADMAP\",\"zoom_map_front\":\"7\",\"scrollwheel_map_front\":\"enable\",\"draggable_map_front\":\"enable\",\"action_param_front\":\"|\",\"background_image_front\":\"https:\\\/\\\/parevolvo.com\\\/wp-content\\\/uploads\\\/2026\\\/01\\\/Saule-Duchesneau.jpg\",\"background_image_front_width\":\"1000\",\"background_image_front_height\":\"1000\",\"type_back\":\"text\",\"color_back\":\"default\",\"text_back\":\"<h6>Saule Duchesneau<\\\/h6><p>Repr\\u00e9sentant des ventes Volvo - Rive-Sud<\\\/p><p>T\\u00e9l. : 418 833-5333 poste 3241<br \\\/>Cell : 581 398-8026<\\\/p><p>Courriel : <a href=\\\"mailto:saule.duchesneau@parevolvo.com\\\">saule.duchesneau@parevolvo.com<\\\/a><\\\/p>\",\"button_link_params_back\":\"|\",\"icon_type_back\":\"icon\",\"gallery_autoplay_back\":\"off\",\"gallery_hide_timer_back\":\"no\",\"type_map_back\":\"ROADMAP\",\"zoom_map_back\":\"7\",\"scrollwheel_map_back\":\"enable\",\"draggable_map_back\":\"enable\",\"action_param_back\":\"|\",\"tile_autoflip\":\"0\",\"flip_effect\":\"fadeIn\",\"background_color_back\":\"#222222\",\"text_color_back\":\"#ffffff\",\"link_color_back\":\"#ffffff\"}<\/script>\n\t<\/div>\n\n<\/div><!-- .tf-tile -->\t\t\t\t\t<div id=\"tf-tile-251-2\" class=\"tf-tile size-square-large fadeIn has-flip tile-type-front-text\" data-auto-flip=\"0\" data-in-effect=\"fadeIn\" data-out-effect=\"fadeOut\">\n\n\t<div class=\"tile-flip-box-wrap\"><div class=\"tile-flip-box\">\n\n\t\n\t\t\n\t\t<style>\n\t\t#tf-tile-251-2 .tile-front {\n\t\t\tbackground-image: url(\"https:\/\/parevolvo.com\/wp-content\/uploads\/2026\/01\/Francis-Pelletier-819x1024-819x1000.jpg\"); \t\t}\n\t\t#tf-tile-251-2 .tile-front a {\n\t\t\t\t\t}\n\t\t<\/style>\n\n\t\t<div class=\"tile-front tile-type-text ui default\">\n\t\t\t<div class=\"tile-inner\">\n\n\t\t\t\t\n\t\t\t\t\t\t\t\t\t\t<div class=\"tile-content\">\n\t\t\t\t\t\t\t\t\t\t\t<\/div><!-- .tile-content -->\n\n\t\t\t\t\n\t\t\t\t\n\t\t\t\t\n\t\t\t<\/div><!-- .tile-inner -->\n\n\t\t<\/div><!-- .tile-front -->\n\n\t\n\t\t\n\t\t<style>\n\t\t#tf-tile-251-2 .tile-back {\n\t\t\tbackground-color: rgba(34,34,34, 1); color: rgba(255,255,255, 1); \t\t}\n\t\t#tf-tile-251-2 .tile-back a {\n\t\t\tcolor: rgba(255,255,255, 1); \t\t}\n\t\t<\/style>\n\n\t\t<div class=\"tile-back tile-type-text ui default\">\n\t\t\t<div class=\"tile-inner\">\n\n\t\t\t\t\n\t\t\t\t\t\t\t\t\t\t<div class=\"tile-content\">\n\t\t\t\t\t\t<h6>Francis Pelletier<\/h6><p>Repr\u00e9sentante des ventes &#8211; Rive-Sud<\/p><p>T\u00e9l. : 418 833-1601 poste 1227<br \/>Cell : 418 564-2495<\/p><p>Courriel : <a href=\"mailto:francis.pelletier@parevolvo.com\">francis.pelletier@parevolvo.com<\/a><\/p>\t\t\t\t\t<\/div><!-- .tile-content -->\n\n\t\t\t\t\n\t\t\t\t\n\t\t\t\t\n\t\t\t<\/div><!-- .tile-inner -->\n\n\t\t<\/div><!-- .tile-back -->\n\n\t\n\t<\/div><!-- .tile-flip-box --><\/div><!-- .tile-flip-box-wrap -->\n\n\t<div class=\"tf-tile-data\">\n\t\t<script type=\"text\/json\">{\"size\":\"square-large\",\"type_front\":\"text\",\"color_front\":\"default\",\"button_link_params_front\":\"|\",\"icon_type_front\":\"image\",\"gallery_autoplay_front\":\"off\",\"gallery_hide_timer_front\":\"no\",\"type_map_front\":\"ROADMAP\",\"zoom_map_front\":\"7\",\"scrollwheel_map_front\":\"enable\",\"draggable_map_front\":\"enable\",\"action_param_front\":\"|\",\"background_image_front\":\"https:\\\/\\\/parevolvo.com\\\/wp-content\\\/uploads\\\/2026\\\/01\\\/Francis-Pelletier.jpg\",\"background_image_front_width\":\"1000\",\"background_image_front_height\":\"1000\",\"type_back\":\"text\",\"color_back\":\"default\",\"text_back\":\"<h6>Francis Pelletier<\\\/h6><p>Repr\\u00e9sentante des ventes - Rive-Sud<\\\/p><p>T\\u00e9l. : 418 833-1601 poste 1227<br \\\/>Cell : 418 564-2495<\\\/p><p>Courriel : <a href=\\\"mailto:francis.pelletier@parevolvo.com\\\">francis.pelletier@parevolvo.com<\\\/a><\\\/p>\",\"button_link_params_back\":\"|\",\"icon_type_back\":\"icon\",\"gallery_autoplay_back\":\"off\",\"gallery_hide_timer_back\":\"no\",\"type_map_back\":\"ROADMAP\",\"zoom_map_back\":\"7\",\"scrollwheel_map_back\":\"enable\",\"draggable_map_back\":\"enable\",\"action_param_back\":\"|\",\"tile_autoflip\":\"0\",\"flip_effect\":\"fadeIn\",\"background_color_back\":\"#222222\",\"text_color_back\":\"#ffffff\",\"link_color_back\":\"#ffffff\"}<\/script>\n\t<\/div>\n\n<\/div><!-- .tf-tile -->\t\t\t\t\t<div id=\"tf-tile-251-3\" class=\"tf-tile size-square-large fadeIn has-flip tile-type-front-text\" data-auto-flip=\"0\" data-in-effect=\"fadeIn\" data-out-effect=\"fadeOut\">\n\n\t<div class=\"tile-flip-box-wrap\"><div class=\"tile-flip-box\">\n\n\t\n\t\t\n\t\t<style>\n\t\t#tf-tile-251-3 .tile-front {\n\t\t\tbackground-image: url(\"https:\/\/parevolvo.com\/wp-content\/uploads\/2026\/01\/Antoine-Raby-819x1024-819x1000.jpg\"); \t\t}\n\t\t#tf-tile-251-3 .tile-front a {\n\t\t\t\t\t}\n\t\t<\/style>\n\n\t\t<div class=\"tile-front tile-type-text ui default\">\n\t\t\t<div class=\"tile-inner\">\n\n\t\t\t\t\n\t\t\t\t\t\t\t\t\t\t<div class=\"tile-content\">\n\t\t\t\t\t\t\t\t\t\t\t<\/div><!-- .tile-content -->\n\n\t\t\t\t\n\t\t\t\t\n\t\t\t\t\n\t\t\t<\/div><!-- .tile-inner -->\n\n\t\t<\/div><!-- .tile-front -->\n\n\t\n\t\t\n\t\t<style>\n\t\t#tf-tile-251-3 .tile-back {\n\t\t\tbackground-color: rgba(34,34,34, 1); color: rgba(255,255,255, 1); \t\t}\n\t\t#tf-tile-251-3 .tile-back a {\n\t\t\tcolor: rgba(255,255,255, 1); \t\t}\n\t\t<\/style>\n\n\t\t<div class=\"tile-back tile-type-text ui default\">\n\t\t\t<div class=\"tile-inner\">\n\n\t\t\t\t\n\t\t\t\t\t\t\t\t\t\t<div class=\"tile-content\">\n\t\t\t\t\t\t<h6>Antoine Raby<\/h6><p>Repr\u00e9sentant des ventes Volvo &#8211; Rive-Nord<\/p><p>T\u00e9l. : 418 833-1601 poste 3243<br \/>Cell : 367 321-7114<\/p><p>Courriel : <a href=\"mailto:antoine.raby@parevolvo.com\">antoine.raby@parevolvo.com<\/a><\/p>\t\t\t\t\t<\/div><!-- .tile-content -->\n\n\t\t\t\t\n\t\t\t\t\n\t\t\t\t\n\t\t\t<\/div><!-- .tile-inner -->\n\n\t\t<\/div><!-- .tile-back -->\n\n\t\n\t<\/div><!-- .tile-flip-box --><\/div><!-- .tile-flip-box-wrap -->\n\n\t<div class=\"tf-tile-data\">\n\t\t<script type=\"text\/json\">{\"size\":\"square-large\",\"type_front\":\"text\",\"color_front\":\"default\",\"button_link_params_front\":\"|\",\"icon_type_front\":\"image\",\"gallery_autoplay_front\":\"off\",\"gallery_hide_timer_front\":\"no\",\"type_map_front\":\"ROADMAP\",\"zoom_map_front\":\"7\",\"scrollwheel_map_front\":\"enable\",\"draggable_map_front\":\"enable\",\"action_param_front\":\"|\",\"background_image_front\":\"https:\\\/\\\/parevolvo.com\\\/wp-content\\\/uploads\\\/2026\\\/01\\\/Antoine-Raby.jpg\",\"background_image_front_width\":\"1000\",\"background_image_front_height\":\"1000\",\"type_back\":\"text\",\"color_back\":\"default\",\"text_back\":\"<h6>Antoine Raby<\\\/h6><p>Repr\\u00e9sentant des ventes Volvo - Rive-Nord<\\\/p><p>T\\u00e9l. : 418 833-1601 poste 3243<br \\\/>Cell : 367 321-7114<\\\/p><p>Courriel : <a href=\\\"mailto:antoine.raby@parevolvo.com\\\">antoine.raby@parevolvo.com<\\\/a><\\\/p>\",\"button_link_params_back\":\"|\",\"icon_type_back\":\"icon\",\"gallery_autoplay_back\":\"off\",\"gallery_hide_timer_back\":\"no\",\"type_map_back\":\"ROADMAP\",\"zoom_map_back\":\"7\",\"scrollwheel_map_back\":\"enable\",\"draggable_map_back\":\"enable\",\"action_param_back\":\"|\",\"tile_autoflip\":\"0\",\"flip_effect\":\"fadeIn\",\"background_color_back\":\"#222222\",\"text_color_back\":\"#ffffff\",\"link_color_back\":\"#ffffff\"}<\/script>\n\t<\/div>\n\n<\/div><!-- .tf-tile -->\t\t\t<\/div>\n<\/div>\n    <\/div>\n<\/div>\n<!-- \/module text -->        <\/div>\n                        <\/div>\n        <\/div>\n        <\/div>\n<!--\/themify_builder_content-->","protected":false},"excerpt":{"rendered":"<p>\u00c9tablir la norme pour le chargement lourd S\u00e9rie VNX<\/p>","protected":false},"author":1,"featured_media":0,"parent":0,"menu_order":0,"comment_status":"closed","ping_status":"closed","template":"","meta":{"_acf_changed":false,"footnotes":""},"class_list":["post-30","page","type-page","status-publish","hentry","has-post-title","has-post-date","has-post-category","has-post-tag","has-post-comment","has-post-author",""],"acf":[],"yoast_head":"<!-- This site is optimized with the Yoast SEO plugin v26.6 - https:\/\/yoast.com\/wordpress\/plugins\/seo\/ -->\n<title>Volvo S\u00e9rie VNX - Par\u00e9 Centre du Camion<\/title>\n<meta name=\"robots\" content=\"index, follow, max-snippet:-1, max-image-preview:large, max-video-preview:-1\" \/>\n<link rel=\"canonical\" href=\"http:\/\/parevolvo.com\/english\/francais\/volvo-serie-vnx\/\" \/>\n<meta property=\"og:locale\" content=\"en_US\" \/>\n<meta property=\"og:type\" content=\"article\" \/>\n<meta property=\"og:title\" content=\"Volvo S\u00e9rie VNX - Par\u00e9 Centre du Camion\" \/>\n<meta property=\"og:description\" content=\"\u00c9tablir la norme pour le chargement lourd S\u00e9rie VNX\" \/>\n<meta property=\"og:url\" content=\"http:\/\/parevolvo.com\/english\/francais\/volvo-serie-vnx\/\" \/>\n<meta property=\"og:site_name\" content=\"Par\u00e9 Centre du Camion\" \/>\n<meta property=\"article:publisher\" content=\"https:\/\/www.facebook.com\/pare.volvoisuzu\" \/>\n<meta property=\"article:modified_time\" content=\"2021-06-03T14:50:48+00:00\" \/>\n<meta name=\"twitter:card\" content=\"summary_large_image\" \/>\n<script type=\"application\/ld+json\" class=\"yoast-schema-graph\">{\"@context\":\"https:\/\/schema.org\",\"@graph\":[{\"@type\":\"WebPage\",\"@id\":\"http:\/\/parevolvo.com\/francais\/volvo-serie-vnx\/\",\"url\":\"http:\/\/parevolvo.com\/francais\/volvo-serie-vnx\/\",\"name\":\"Volvo S\u00e9rie VNX - Par\u00e9 Centre du Camion\",\"isPartOf\":{\"@id\":\"https:\/\/parevolvo.com\/francais\/#website\"},\"datePublished\":\"2020-03-18T15:08:36+00:00\",\"dateModified\":\"2021-06-03T14:50:48+00:00\",\"breadcrumb\":{\"@id\":\"http:\/\/parevolvo.com\/francais\/volvo-serie-vnx\/#breadcrumb\"},\"inLanguage\":\"en-CA\",\"potentialAction\":[{\"@type\":\"ReadAction\",\"target\":[\"http:\/\/parevolvo.com\/francais\/volvo-serie-vnx\/\"]}]},{\"@type\":\"BreadcrumbList\",\"@id\":\"http:\/\/parevolvo.com\/francais\/volvo-serie-vnx\/#breadcrumb\",\"itemListElement\":[{\"@type\":\"ListItem\",\"position\":1,\"name\":\"Accueil\",\"item\":\"https:\/\/parevolvo.com\/fr\/\"},{\"@type\":\"ListItem\",\"position\":2,\"name\":\"Volvo S\u00e9rie VNX\"}]},{\"@type\":\"WebSite\",\"@id\":\"https:\/\/parevolvo.com\/francais\/#website\",\"url\":\"https:\/\/parevolvo.com\/francais\/\",\"name\":\"Par\u00e9 Centre du Camion\",\"description\":\"1 888 833-5388\",\"publisher\":{\"@id\":\"https:\/\/parevolvo.com\/francais\/#organization\"},\"potentialAction\":[{\"@type\":\"SearchAction\",\"target\":{\"@type\":\"EntryPoint\",\"urlTemplate\":\"https:\/\/parevolvo.com\/francais\/?s={search_term_string}\"},\"query-input\":{\"@type\":\"PropertyValueSpecification\",\"valueRequired\":true,\"valueName\":\"search_term_string\"}}],\"inLanguage\":\"en-CA\"},{\"@type\":\"Organization\",\"@id\":\"https:\/\/parevolvo.com\/francais\/#organization\",\"name\":\"Par\u00e9 Centre du Camion\",\"url\":\"https:\/\/parevolvo.com\/francais\/\",\"logo\":{\"@type\":\"ImageObject\",\"inLanguage\":\"en-CA\",\"@id\":\"https:\/\/parevolvo.com\/francais\/#\/schema\/logo\/image\/\",\"url\":\"https:\/\/parevolvo.com\/wp-content\/uploads\/2022\/04\/Logo-Pare-Header-e1651006453327.png\",\"contentUrl\":\"https:\/\/parevolvo.com\/wp-content\/uploads\/2022\/04\/Logo-Pare-Header-e1651006453327.png\",\"width\":250,\"height\":135,\"caption\":\"Par\u00e9 Centre du Camion\"},\"image\":{\"@id\":\"https:\/\/parevolvo.com\/francais\/#\/schema\/logo\/image\/\"},\"sameAs\":[\"https:\/\/www.facebook.com\/pare.volvoisuzu\"]}]}<\/script>\n<!-- \/ Yoast SEO plugin. -->","yoast_head_json":{"title":"Volvo S\u00e9rie VNX - Par\u00e9 Centre du Camion","robots":{"index":"index","follow":"follow","max-snippet":"max-snippet:-1","max-image-preview":"max-image-preview:large","max-video-preview":"max-video-preview:-1"},"canonical":"http:\/\/parevolvo.com\/english\/francais\/volvo-serie-vnx\/","og_locale":"en_US","og_type":"article","og_title":"Volvo S\u00e9rie VNX - Par\u00e9 Centre du Camion","og_description":"\u00c9tablir la norme pour le chargement lourd S\u00e9rie VNX","og_url":"http:\/\/parevolvo.com\/english\/francais\/volvo-serie-vnx\/","og_site_name":"Par\u00e9 Centre du Camion","article_publisher":"https:\/\/www.facebook.com\/pare.volvoisuzu","article_modified_time":"2021-06-03T14:50:48+00:00","twitter_card":"summary_large_image","schema":{"@context":"https:\/\/schema.org","@graph":[{"@type":"WebPage","@id":"http:\/\/parevolvo.com\/francais\/volvo-serie-vnx\/","url":"http:\/\/parevolvo.com\/francais\/volvo-serie-vnx\/","name":"Volvo S\u00e9rie VNX - Par\u00e9 Centre du Camion","isPartOf":{"@id":"https:\/\/parevolvo.com\/francais\/#website"},"datePublished":"2020-03-18T15:08:36+00:00","dateModified":"2021-06-03T14:50:48+00:00","breadcrumb":{"@id":"http:\/\/parevolvo.com\/francais\/volvo-serie-vnx\/#breadcrumb"},"inLanguage":"en-CA","potentialAction":[{"@type":"ReadAction","target":["http:\/\/parevolvo.com\/francais\/volvo-serie-vnx\/"]}]},{"@type":"BreadcrumbList","@id":"http:\/\/parevolvo.com\/francais\/volvo-serie-vnx\/#breadcrumb","itemListElement":[{"@type":"ListItem","position":1,"name":"Accueil","item":"https:\/\/parevolvo.com\/fr\/"},{"@type":"ListItem","position":2,"name":"Volvo S\u00e9rie VNX"}]},{"@type":"WebSite","@id":"https:\/\/parevolvo.com\/francais\/#website","url":"https:\/\/parevolvo.com\/francais\/","name":"Par\u00e9 Centre du Camion","description":"1 888 833-5388","publisher":{"@id":"https:\/\/parevolvo.com\/francais\/#organization"},"potentialAction":[{"@type":"SearchAction","target":{"@type":"EntryPoint","urlTemplate":"https:\/\/parevolvo.com\/francais\/?s={search_term_string}"},"query-input":{"@type":"PropertyValueSpecification","valueRequired":true,"valueName":"search_term_string"}}],"inLanguage":"en-CA"},{"@type":"Organization","@id":"https:\/\/parevolvo.com\/francais\/#organization","name":"Par\u00e9 Centre du Camion","url":"https:\/\/parevolvo.com\/francais\/","logo":{"@type":"ImageObject","inLanguage":"en-CA","@id":"https:\/\/parevolvo.com\/francais\/#\/schema\/logo\/image\/","url":"https:\/\/parevolvo.com\/wp-content\/uploads\/2022\/04\/Logo-Pare-Header-e1651006453327.png","contentUrl":"https:\/\/parevolvo.com\/wp-content\/uploads\/2022\/04\/Logo-Pare-Header-e1651006453327.png","width":250,"height":135,"caption":"Par\u00e9 Centre du Camion"},"image":{"@id":"https:\/\/parevolvo.com\/francais\/#\/schema\/logo\/image\/"},"sameAs":["https:\/\/www.facebook.com\/pare.volvoisuzu"]}]}},"jetpack_sharing_enabled":true,"builder_content":"<h1 style=\"text-align: center;\">\u00c9tablir la norme pour le chargement lourd<\/h1> <h1 style=\"text-align: center;\">S\u00e9rie VNX<\/h1>\n<h4><strong>Le camion Volvo pour le chargement lourd<br \/><\/strong><\/h4> <p>Le Volvo VNX est sp\u00e9cialement con\u00e7ue pour r\u00e9pondre aux besoins des entreprises de camionnage lourd. Disponible avec une puissance maximale de 605 ch et un couple de 2 050 lb-pi, le VNX fournit la puissance et les performances requises pour les applications de transport lourd telles que l'exploitation foresti\u00e8re, le transport de machineries lourdes et les v\u00e9hicules combin\u00e9s longs.<\/p>\n<h5><strong>Explorez la s\u00e9rie VNX<\/strong><\/h5> <p>\u00c0 l'ext\u00e9rieur, ils sont aussi robustes et forts. Les poids nominaux combin\u00e9s approuv\u00e9s (PNBW) vont de 125 000 \u00e0 160 000 livres. Des cotes pouvant aller jusqu'\u00e0 225 000 livres sont disponibles avec l'approbation de l'application et les composants appropri\u00e9s. Les essieux directeurs en option, les essieux relevables, les essieux moteurs tridem et les glissi\u00e8res \u00e0 sellette plus longues vous permettent de r\u00e9pondre \u00e0 une grande vari\u00e9t\u00e9 d'exigences en mati\u00e8re de r\u00e9partition du poids. \u00c0 l'int\u00e9rieur, le VNX est construit pour le confort. Les si\u00e8ges ont \u00e9t\u00e9 optimis\u00e9s de mani\u00e8re organique, tandis que le tableau de bord et le volant permettent au conducteur de contr\u00f4ler et d'informer efficacement<\/p>\n<a href=\"https:\/\/www.volvotrucks.ca\/fr-ca\/trucks\/vnr\/\" data-zoom-config=\"80%|px\"> <img src=\"http:\/\/parevolvo.com\/wp-content\/uploads\/2020\/04\/VNX-300.jpg\" width=\"1016\" height=\"470\" title=\"Volvo S\u00e9rie VNX\" alt=\"Volvo S\u00e9rie VNX\"> <\/a>\n<h5 style=\"text-align: center;\">VNX 300<\/h5> <p>Le VNX 300 ce daycab fournit du muscle et de la maniabilit\u00e9 pour les applications locales de transport lourd. Les longueurs de cadre personnalis\u00e9es sont disponibles avec l\u2019option de configuration d\u2019essieu tandem 6x4, 8x4 tandem ou 8x6 essieux tridirectionnels. Cette daycab a du pouvoir \u00e0 revendre et peut supporter jusqu\u2019\u00e0 160 000 lb de poids \u00e0 la charge.<\/p>\n<a href=\"https:\/\/www.volvotrucks.ca\/fr-ca\/trucks\/vnx\/\" target=\"_blank\" rel=\"nofollow noopener\"> En savoir plus <\/a>\n<img src=\"http:\/\/parevolvo.com\/wp-content\/uploads\/2020\/04\/VNX-400.jpg\" width=\"1016\" height=\"470\" title=\"Volvo S\u00e9rie VNX\" alt=\"Volvo S\u00e9rie VNX\">\n<h5 style=\"text-align: center;\">VNX 400<\/h5> <p>Le VNX 400 \u00e0 toit plat et lit de 42\u00a0pouces est con\u00e7u pour offrir une flexibilit\u00e9 maximale sur les parcours r\u00e9gionaux de transport lourd. La zone de la couchette comprend un matelas Volvo de 36\u00a0pouces de qualit\u00e9 sup\u00e9rieure pour rendre les nuit\u00e9es occasionnelles plus confortables.<\/p>\n<a href=\"https:\/\/www.volvotrucks.ca\/fr-ca\/trucks\/vnx\/\" target=\"_blank\" rel=\"nofollow noopener\"> En savoir plus <\/a>\n<img src=\"http:\/\/parevolvo.com\/wp-content\/uploads\/2020\/04\/VNX-740.jpg\" width=\"1016\" height=\"470\" title=\"Volvo S\u00e9rie VNX\" alt=\"Volvo S\u00e9rie VNX\">\n<h6 style=\"text-align: center;\">VNX 740<\/h6> <p>Le VNX 740 MID-ROOF, la spacieuse couchette de 70 pouces comprend toutes les derni\u00e8res am\u00e9liorations apport\u00e9es \u00e0 l\u2019int\u00e9rieur de Volvo, y compris notre matelas inclinable de taille normal. Associ\u00e9 \u00e0 nos options de groupe motopropulseur \u00e0 couple \u00e9lev\u00e9 et \u00e0 haute efficacit\u00e9, le VNX 740 est l\u2019outil id\u00e9al pour les trajets lourds sur de longues distances.<\/p>\n<a href=\"https:\/\/www.volvotrucks.ca\/fr-ca\/trucks\/vnx\/\" target=\"_blank\" rel=\"nofollow noopener\"> En savoir plus <\/a>\n<h3>De vrai repr\u00e9sentant d\u2019exp\u00e9rience<\/h3> <p>\u00a0<\/p> <p>Nos repr\u00e9sentants des ventes vous accueillent dans le confort de nos bureaux ou se d\u00e9placent afin de vous rencontrer \u00e0 votre bureau. Leurs grandes exp\u00e9riences du domaine du camionnage et du transport leurs permettent de bien comprendre vos exigences. Ils prennent le temps de bien analyser vos besoins et vous proposent le camion tracteur qui vous convient vraiment, et ce, sans compromis sur le confort, l\u2019ergonomie, la polyvalence et la puissance dont vous avez besoin.<\/p>\n<p>[themify_tiles group=\"251\"]<\/p>","_links":{"self":[{"href":"http:\/\/parevolvo.com\/english\/wp-json\/wp\/v2\/pages\/30","targetHints":{"allow":["GET"]}}],"collection":[{"href":"http:\/\/parevolvo.com\/english\/wp-json\/wp\/v2\/pages"}],"about":[{"href":"http:\/\/parevolvo.com\/english\/wp-json\/wp\/v2\/types\/page"}],"author":[{"embeddable":true,"href":"http:\/\/parevolvo.com\/english\/wp-json\/wp\/v2\/users\/1"}],"replies":[{"embeddable":true,"href":"http:\/\/parevolvo.com\/english\/wp-json\/wp\/v2\/comments?post=30"}],"version-history":[{"count":20,"href":"http:\/\/parevolvo.com\/english\/wp-json\/wp\/v2\/pages\/30\/revisions"}],"predecessor-version":[{"id":839,"href":"http:\/\/parevolvo.com\/english\/wp-json\/wp\/v2\/pages\/30\/revisions\/839"}],"wp:attachment":[{"href":"http:\/\/parevolvo.com\/english\/wp-json\/wp\/v2\/media?parent=30"}],"curies":[{"name":"wp","href":"https:\/\/api.w.org\/{rel}","templated":true}]}}